{"id":1456,"date":"2025-05-30T09:39:56","date_gmt":"2025-05-30T09:39:56","guid":{"rendered":"https:\/\/erkkimelartin.fi\/em\/?page_id=1456"},"modified":"2025-12-11T13:47:49","modified_gmt":"2025-12-11T13:47:49","slug":"melartin-150-juhlavuoden-tapahtumien-arkisto","status":"publish","type":"page","link":"https:\/\/erkkimelartin.fi\/em\/?page_id=1456","title":{"rendered":"Melartin 150 &#8211; juhlavuoden tapahtumien arkisto"},"content":{"rendered":"\n<p>T\u00e4nne ker\u00e4t\u00e4\u00e4n tiedot tapahtumista, jotka ovat jo olleet, mutta joiden yksikohdista voidaan olla pysyv\u00e4sti kiinnostuneita. Tapahtuma-arkisto p\u00e4ivittyy jatkuvasti.<\/p>\n\n\n\n<p class=\"has-large-font-size\"><strong>Mediassa kirjoitetaan<\/strong><\/p>\n\n\n\n<p class=\"has-medium-font-size\"><strong>Veijo Murtom\u00e4ki<\/strong> kirjoittaa <a href=\"https:\/\/www.facebook.com\/profile.php?id=100076801010027\">Facebookissa 19.3.2025<\/a> otsikolla <strong><em>Melartin nyt 150!<\/em><\/strong><\/p>\n\n\n\n<p>Erkki Melartinin syntym\u00e4st\u00e4 tulee kuluneeksi nyt 150 vuotta, mit\u00e4 ei tosin p\u00e4\u00e4kaupunkiseudun orkestereiden ohjelmistoista huomaa. Sen sijaan ns. maakuntaorkesterit ovat esitt\u00e4neet valikoidusti Melartinin kuutta sinfoniaa (1903-1925) ja tuoneet niit\u00e4 p\u00e4\u00e4kaupunkiinkin.<\/p>\n\n\n\n<p>Erik Gustaf Melartin syntyi 7.2.1875 K\u00e4kisalmessa, ja h\u00e4n oli maamme musiikin keskeishahmoja s\u00e4velt\u00e4j\u00e4n\u00e4, orkesterinjohtajana, tulevan Sibelius-Akatemian rehtorina, opettajana, kirjoittajana ja <a><\/a>kuvittajana. H\u00e4n oli siis oloissamme oikea renessanssipersoona. Ongelmaksi tuli toki osin Sibeliuksen keskeinen asema sinfonikkona, vaikka Melartininkin sinfonioiden esitykset olivat menestyksekk\u00e4it\u00e4 \u2013 mutta ne j\u00e4iv\u00e4t sinfoniaa nro 6 lukuun ottamatta painamatta.<\/p>\n\n\n\n<p>Onneksi meill\u00e4 on aktiivinen Erkki Melartin -seura (1997\u2013), joka on apurahojen turvin voinut saattaa sinfonioiden partituurit esityskuntoon. Asialla ovat olleet monet toimijat, mutta keskeisi\u00e4 henkil\u00f6it\u00e4 t\u00e4ss\u00e4 ovat olleet seuran puheenjohtaja <strong>Tuire Ranta-Meyer<\/strong>, jonka suurty\u00f6, Melartin-el\u00e4m\u00e4kerta on juuri valmistumassa, sek\u00e4 nuotinkirjoittaja ja partituurien korjaaja <strong>Jani Kyll\u00f6nen<\/strong>.<\/p>\n\n\n\n<p>Juhlavuoden kunniaksi on tarjolla lukuisia konsertteja: orkesterikonserttien lis\u00e4ksi kamarimusiikki-, piano- ja laulutapahtumia sek\u00e4 niihin liittyvi\u00e4 infotilaisuuksia. Yliopiston kirjastossa eli Kansalliskirjastossa avautui vastik\u00e4\u00e4n kaikille avoin Melartin-juhlan\u00e4yttely. Vuoden ohjelmaan voi tutustua seuran ao. linkin sivulla.<\/p>\n\n\n\n<p>Juuri 19.3.3035 Temppeliaukion kirkossa kuultu <strong>Hyvink\u00e4\u00e4n orkesterin<\/strong> konsertti kapellimestarinaan sen pitk\u00e4aikainen johtaja <strong>Tuomas Piril\u00e4<\/strong> esitteli s\u00e4velt\u00e4j\u00e4n kunnianhimoisimpana pidetyn ja s\u00e4velt\u00e4j\u00e4nkin kenties eniten arvostaman sinfonian nro 3 (1907). Melartin piti sit\u00e4 suorastaan \u201dtestamenttinaan\u201d, sill\u00e4 tuolloin h\u00e4n taisteli el\u00e4m\u00e4st\u00e4\u00e4n tuberkuloosin vankina.<\/p>\n\n\n\n<p>Melartinin tyyli\u00e4 ei ole helppo m\u00e4\u00e4ritell\u00e4, sill\u00e4 se on synteesi monista 1900-luvun vaihteen s\u00e4velt\u00e4jien musiikin piirteist\u00f6ist\u00e4. Wieniss\u00e4 Robert Fuchsin johdolla opiskelleena Melartinin 3. sinfoniassa soi Bruckner, T\u0161aikovski, Mahler, R. Strauss, hieman Skrjabin ja melko selv\u00e4sti Sibelius \u2013 toki ilman plagiointina.<\/p>\n\n\n\n<p>T\u00e4ss\u00e4 sinfoniassa dramaattiset \u00e4\u00e4nenpainot, lyyriset tuokiot, poikkeuksellisen laaja poikamainen scherzo, johon yhdistyy \u201dkuolonkoraali\u201d, taistelu el\u00e4m\u00e4st\u00e4 ja kohtalon voittaminen muodostaa todellisen kaaren, jota teemojen syklinen paluu korostaa. Viimeisen osan p\u00e4\u00e4ttyminen hitaaseen Largoon on suurenmoisen t\u00e4yttymyksellinen.<\/p>\n\n\n\n<p>Piril\u00e4 johti vakuuttavasti ilman partituuria ja orkesteri soi sek\u00e4 hivelev\u00e4sti ett\u00e4 tuhdisti, v\u00e4lill\u00e4 ehk\u00e4 liiankin, sill\u00e4 Temppeliaukion kirkon akustiikka luo helposti kumua, etenkin matalassa rekisteriss\u00e4. Mutta kuulija vakuuttui Melartinin s\u00e4velajattelun vahvuudesta ja toimivuudesta. Hattu pois sek\u00e4 Melartinille ett\u00e4 orkesterille.<\/p>\n\n\n\n<p>Konsertin aluksi kuultiin meill\u00e4 liian harvoin esitett\u00e4v\u00e4\u00e4 ranskalaista (orkesteri)musiikkia, <strong>Vincent d\u2019Indy<\/strong>\u2019t\u00e4 (1851-1931), joka tunnetaan meill\u00e4 l\u00e4hinn\u00e4 Kuulan ja Madetoja opettajana. Sibelius sai h\u00e4nelt\u00e4 vaikutteita, kenties siksikin ett\u00e4 h\u00e4n tapasi tuon ajankohdan er\u00e4\u00e4n etummaisen s\u00e4vellysopettajan ja s\u00e4velt\u00e4j\u00e4n Lontoossa ja kuuli t\u00e4m\u00e4n teoksia.<\/p>\n\n\n\n<p>d\u2019Indy s\u00e4velsi suurimuotoisina s\u00e4vellyksin\u00e4 isoja kamariteoksia, viisi sinfonia, noin 20 muuta orkesteriteosta sek\u00e4 4-5 oopperaa, joista kahta t\u00e4rkeint\u00e4 esitet\u00e4\u00e4n: Fervaal ja L\u2019\u00c9tranger (Muukalainen). Nyt kuultiin d\u2019Indyn wagnerilaisen Fervaal-oopperan (1889-1898) prologin johdanto, joka pani toki toivomaan lis\u00e4\u00e4 s\u00e4velt\u00e4j\u00e4n orkesterimusiikkia.<\/p>\n\n\n\n<p>Konsertin solistina kuultiin Kuopion viulukilpailun voittaja <strong>Amanda Ernesaksia<\/strong> Sibeliuksen viulukonserton tulkkina. H\u00e4n soitti ihastuttavan laulavasti ja tyylikk\u00e4\u00e4sti, teknisesti varsin virheett\u00f6m\u00e4sti, viipyillen Sibeliuksen melodioissa ja soinneissa. Hidas osa oli esityksen kruunu. Finaalin alussa oli kenties pient\u00e4 ramppikuumetta, mutta se oli pian unohdettu, joten jatko sujui nautittavasti ja mallikkaasti. H\u00e4nest\u00e4 kuullaan viel\u00e4 varmasti viel\u00e4 paljon.<\/p>\n\n\n\n<p class=\"has-text-align-center\">* * *<\/p>\n\n\n\n<p class=\"has-medium-font-size\">Hufvudstadsbladetissa <strong>7.2.2025<\/strong> julkaistiin <strong>Wilhelm Kvistin<\/strong> Kansalliskirjaston n\u00e4yttely\u00e4 esittelev\u00e4 artikkeli <strong><em><a href=\"https:\/\/www.hbl.fi\/2025-02-07\/tonsattaren-erkki-melartin-firas-med-kuriosa\/\">Tons\u00e4ttaren Erkki Melartin firas med kuriosa<\/a><\/em><\/strong>. <strong>Eero Tarasti<\/strong> kirjoittaa <em>Amfion<\/em>-lehdess\u00e4 laajasti Melartin-juhlien aloituksesta otsikolla <a href=\"https:\/\/www.amfion.fi\/arvio-juhlat-alkoivat-erkki-melartin-7-2-1875-14-2-1937\/\">JUHLA ALKOIVAT<\/a>. <strong>Mats Liljeroos<\/strong> puolestaan ihmettelee Hufvudstadsbladetissa, miksi johtavat orkesterimme ohittivat Melartinin syntym\u00e4p\u00e4iv\u00e4n kuin sit\u00e4 ei olisi ollutkaan. <em><a href=\"https:\/\/www.hbl.fi\/2025-02-08\/boulez-i-all-ara-men-var-blev-melartin\/\">Boulez i all \u00e4ra men var blev Melartin?<\/a><\/em><\/p>\n\n\n\n<figure class=\"wp-block-image size-large is-resized\"><img loading=\"lazy\" decoding=\"async\" width=\"1024\" height=\"972\" src=\"https:\/\/erkkimelartin.fi\/em\/wp-content\/uploads\/2025\/02\/250226-Melartin-Lahitieto-1024x972.jpg\" alt=\"\" class=\"wp-image-1254\" style=\"width:610px;height:auto\" srcset=\"https:\/\/erkkimelartin.fi\/em\/wp-content\/uploads\/2025\/02\/250226-Melartin-Lahitieto-1024x972.jpg 1024w, https:\/\/erkkimelartin.fi\/em\/wp-content\/uploads\/2025\/02\/250226-Melartin-Lahitieto-300x285.jpg 300w, https:\/\/erkkimelartin.fi\/em\/wp-content\/uploads\/2025\/02\/250226-Melartin-Lahitieto-768x729.jpg 768w, https:\/\/erkkimelartin.fi\/em\/wp-content\/uploads\/2025\/02\/250226-Melartin-Lahitieto.jpg 1315w\" sizes=\"auto, (max-width: 1024px) 100vw, 1024px\" \/><\/figure>\n\n\n\n<p class=\"has-medium-font-size\"><a href=\"https:\/\/elementori.blogspot.com\/2025\/03\/kuin-joka-hetki-olisi-lahja.html\"><strong>&#8220;Kuin joka hetki olisi lahja&#8221;<\/strong><\/a> &#8211; <strong>Jari Hoffr\u00e9nin<\/strong> laaja arvio Jyv\u00e4skyl\u00e4 Sinfonian konsertista Jyv\u00e4skyl\u00e4ss\u00e4 13.3.2025.<\/p>\n\n\n\n<figure class=\"wp-block-image size-full\"><a href=\"https:\/\/elementori.blogspot.com\/2025\/03\/kuin-joka-hetki-olisi-lahja.html\"><img loading=\"lazy\" decoding=\"async\" width=\"966\" height=\"457\" src=\"https:\/\/erkkimelartin.fi\/em\/wp-content\/uploads\/2025\/03\/Jalkikaikuja.jpg\" alt=\"\" class=\"wp-image-1301\" srcset=\"https:\/\/erkkimelartin.fi\/em\/wp-content\/uploads\/2025\/03\/Jalkikaikuja.jpg 966w, https:\/\/erkkimelartin.fi\/em\/wp-content\/uploads\/2025\/03\/Jalkikaikuja-300x142.jpg 300w, https:\/\/erkkimelartin.fi\/em\/wp-content\/uploads\/2025\/03\/Jalkikaikuja-768x363.jpg 768w\" sizes=\"auto, (max-width: 966px) 100vw, 966px\" \/><\/a><\/figure>\n\n\n\n<p class=\"has-large-font-size\">Pukinjuuri IV<\/p>\n\n\n\n<p class=\"has-medium-font-size\">Pukinm\u00e4ki-seura on julkaissut nelj\u00e4nnen vuosikirjansa, joka sis\u00e4lt\u00e4\u00e4 my\u00f6s kotiseutuneuvos <strong>Tero Tuomiston<\/strong> kirjoituksia Erkki Melartinista ja h\u00e4nen l\u00e4hipiirist\u00e4\u00e4n Pukinm\u00e4ell\u00e4 1910-, 1920- ja 1930-luvuilla. Melartinin muistoa vaalitaan Pukinm\u00e4ell\u00e4 kauniilla ja kulttuurihistoriallisesti arvokkaalla tavalla. Esimerkiksi 24.-25.5.2025 j\u00e4rjestett\u00e4vill\u00e4 Pukinm\u00e4ki-p\u00e4ivill\u00e4 Tero Tuomisto vet\u00e4\u00e4 kotiseutuk\u00e4velyn, jonka yhten\u00e4 kohteena ovat Erkki Melartinin aikuiset kohteet, joita on edelleen olemassa. Yhteyden seuraan ja kirjatilauksen voi tehd\u00e4 osoitteella <a href=\"mailto:pukinmakiseura@gmail.com\">pukinmakiseura@gmail.com<\/a>.<\/p>\n\n\n\n<figure class=\"wp-block-image size-large is-resized\"><img loading=\"lazy\" decoding=\"async\" width=\"706\" height=\"1024\" src=\"https:\/\/erkkimelartin.fi\/em\/wp-content\/uploads\/2025\/05\/Pukinjuuri-IV-706x1024.jpg\" alt=\"\" class=\"wp-image-1403\" style=\"width:256px;height:auto\" srcset=\"https:\/\/erkkimelartin.fi\/em\/wp-content\/uploads\/2025\/05\/Pukinjuuri-IV-706x1024.jpg 706w, https:\/\/erkkimelartin.fi\/em\/wp-content\/uploads\/2025\/05\/Pukinjuuri-IV-207x300.jpg 207w, https:\/\/erkkimelartin.fi\/em\/wp-content\/uploads\/2025\/05\/Pukinjuuri-IV-768x1115.jpg 768w, https:\/\/erkkimelartin.fi\/em\/wp-content\/uploads\/2025\/05\/Pukinjuuri-IV-1058x1536.jpg 1058w, https:\/\/erkkimelartin.fi\/em\/wp-content\/uploads\/2025\/05\/Pukinjuuri-IV.jpg 1378w\" sizes=\"auto, (max-width: 706px) 100vw, 706px\" \/><\/figure>\n\n\n\n<p class=\"has-large-font-size\"><strong>Jo tapahtunutta<\/strong> &#8230;<\/p>\n\n\n\n<p class=\"has-medium-font-size\"><strong>Kansalliskirjaston n\u00e4yttelyn avajaiset<\/strong> olivat kutsuvieraille <strong>6.2.2025<\/strong> klo 18.15-20.00. Muutamia kuvia l\u00f6ytyy <a href=\"https:\/\/erkkimelartin.fi\/em\/?page_id=1131\">t\u00e4\u00e4lt\u00e4<\/a>. N\u00e4yttelyyn kannattaa kuitenkin tutustua omin silmin, vitriineist\u00e4 ei ole eik\u00e4 tule kuvia n\u00e4ille sivuille.<\/p>\n\n\n\n<p class=\"has-medium-font-size\">7.2.2025 Yle Radio 1 ja my\u00f6hemmin Areena (30 vrk ajan) <strong>NARRIN AAMULAULU<\/strong> klo 11.00 (uusinta sunnuntaina 9.2. klo 8.05) <strong>Tuire Ranta-Meyer<\/strong> ja <strong>Outi Paananen<\/strong> esittelev\u00e4t vasta auennutta Kansalliskirjaston juhlavuoden n\u00e4yttely\u00e4 <a href=\"https:\/\/erkkimelartin.fi\/em\/?p=1096\"><em>Kohti korkeuksia<\/em> &#8211; <em>Erkki Melartinin s\u00e4velt\u00e4j\u00e4nty\u00f6 ja el\u00e4m\u00e4nkatsomus<\/em><\/a>. N\u00e4yttely on avoinna 31.10.2025 asti arkisin klo 9-18.<\/p>\n\n\n\n<p class=\"has-medium-font-size\">Sibelius-Akatemian R-talon juhlasalin l\u00e4mpi\u00f6ss\u00e4 paljastettiin <strong>7.2.2025<\/strong> juhlallisesti <strong>Erkki Melartinin muotokuva<\/strong>, jollainen on t\u00e4h\u00e4n asti puuttunut oppilaitoksen tiloista, vaikka Melartin toimi sen pitk\u00e4aikaisena rehtorina. Kaarlo Atran 1923 tekem\u00e4 muotokuvan etsiminen ja l\u00f6ytyminen olivat varsinainen seikkailutarina, jonka Tuire Ranta-Meyer kertoi kutsuvieraille ja toivottavasti my\u00f6hemmin isommallekin yleis\u00f6lle ja kirjallisessa muodossa. Muotokuvan lahjoitti Taideyliopiston Sibelius-Akatemialle Erkki Melartin -seura, joka oli saanut taulun 2022 Hyvink\u00e4\u00e4n kirjaston lahjoituksena. Konserttisalissa oli 19.00 &#8211; 21.30 <strong>JUHLAKONSERTTI<\/strong>, jonka tarkempi ohjelma l\u00f6ytyy <strong><a href=\"https:\/\/erkkimelartin.fi\/em\/?p=1093\">t\u00e4\u00e4lt\u00e4<\/a><\/strong>.<\/p>\n\n\n\n<p class=\"has-medium-font-size\"><strong>9.2.2025<\/strong> Liedkollektiivi <strong>Arabia kaikuu<\/strong> piti Sinebrychoffin taidemuseossa Melartin-konsertin otsikolla <strong>Mets\u00e4n polkuja<\/strong>. Museon Empire-sali oli \u00e4\u00e4ri\u00e4\u00e4n my\u00f6ten t\u00e4ynn\u00e4 meit\u00e4 kiinnostuneita kuulijoita. Kuulimme tunnin konsertissa n\u00e4ytt\u00e4v\u00e4n ja korkeatasoisen kattauksen Melartinin tunnettuja ja hiukan my\u00f6s v\u00e4hemm\u00e4n tunnettuja yksinlauluja. Solisteina toimivat sopraanot <strong>Sofia Hiltunen<\/strong>, <strong>Anni Koskinen<\/strong>, <strong>Mea Tikkanen<\/strong> ja <strong>Maria Turunen<\/strong>, s\u00e4est\u00e4jin\u00e4 <strong>Tuomas Kangas<\/strong> ja <strong>Edit Rautio<\/strong> sek\u00e4 liedpianisti <strong>Armaan Madar<\/strong>, joka my\u00f6s juonsi konsertin. Esiintyjien yhteiskuva l\u00f6ytyy <a href=\"https:\/\/erkkimelartin.fi\/em\/?page_id=1131\">t\u00e4\u00e4lt\u00e4<\/a>.<\/p>\n\n\n\n<p>Yle Radio 1 uusintana ohjelma <strong>Erkki ja Ture, karjalaiset kosmopoliittiyst\u00e4v\u00e4t<\/strong> pe 14.2 kello 11 (uusinta su 16.2. kello 8.05). Areenassa 30 vrk.<\/p>\n\n\n\n<p class=\"has-medium-font-size\"><strong>16.2.2025 <\/strong>Villa Gyllenbergin taidemuseossa pidettiin konsertti <strong><a href=\"https:\/\/www.villagyllenberg.fi\/artikkelit-ja-tapahtumat\/arabia-kaikuu-liedkollektiivi-esittaa-melartinia\">STJ\u00c4RNOR<\/a><\/strong>. Liedkollektiivi <strong>Arabia kaikuu<\/strong>: sopraanot <strong>Anna Ginstr\u00f6m<\/strong>, <strong>Sofia Hiltunen<\/strong>, <strong>Marja Kari<\/strong>, <strong>Mea Tikkanen<\/strong> pianistinaan <strong>Tuomas Kangas<\/strong>, mezzosopraano <strong>Riikka M\u00e4kinen<\/strong> sek\u00e4 pianotaiteilija <strong>D\u00e1vid Szilasi<\/strong> tarjosivat monipuolisen konsertin katsomont\u00e4ydelle yleis\u00f6lle. T\u00e4ss\u00e4 viel\u00e4 kuullut laulut, varmuuden vuoksi: <em>Oravan j\u00e4ljill\u00e4<\/em> &#8211; <em>Mirjamin laulut I &amp; II<\/em> (Riikka M\u00e4kinen) &#8211; <em>Gieb mir dein Herze<\/em> &amp; <em>Angoisse<\/em> (Sofia Hiltunen) &#8211; <em>Syd\u00e4nmaan lammella<\/em> &amp; <em>Rannalle nukkunut<\/em> (Mea Tikkanen) &#8211; <em>Chrysanthemum<\/em> &amp; <em>P\u00e4iv\u00e4n viime s\u00e4teet<\/em> (Riikka M\u00e4kinen) &#8211; <em>Mot alla stj\u00e4rnor <\/em>&amp; <em>Stj\u00e4rnor<\/em> (Anna Ginstr\u00f6m) &#8211; <em>Lumpeenkukka<\/em> &amp; <em>P\u00e4in kaunista kaukorantaa<\/em> (Mea Tikkanen) &#8211; <em>Kev\u00e4tvaloa <\/em>&amp; <em>Maggiolata<\/em> (Marja Kari).<\/p>\n\n\n\n<figure class=\"wp-block-gallery has-nested-images columns-default is-cropped wp-block-gallery-1 is-layout-flex wp-block-gallery-is-layout-flex\">\n<figure class=\"wp-block-image size-large\"><img loading=\"lazy\" decoding=\"async\" width=\"560\" height=\"774\" data-id=\"1211\" src=\"https:\/\/erkkimelartin.fi\/em\/wp-content\/uploads\/2025\/02\/Stjarnor.avif\" alt=\"\" class=\"wp-image-1211\"\/><\/figure>\n\n\n\n<figure class=\"wp-block-image size-large\"><img loading=\"lazy\" decoding=\"async\" width=\"563\" height=\"848\" data-id=\"1248\" src=\"https:\/\/erkkimelartin.fi\/em\/wp-content\/uploads\/2025\/02\/Pukinmaen-kirjasto-01.jpg\" alt=\"\" class=\"wp-image-1248\" srcset=\"https:\/\/erkkimelartin.fi\/em\/wp-content\/uploads\/2025\/02\/Pukinmaen-kirjasto-01.jpg 563w, https:\/\/erkkimelartin.fi\/em\/wp-content\/uploads\/2025\/02\/Pukinmaen-kirjasto-01-199x300.jpg 199w\" sizes=\"auto, (max-width: 563px) 100vw, 563px\" \/><\/figure>\n\n\n\n<figure class=\"wp-block-image size-large\"><img loading=\"lazy\" decoding=\"async\" width=\"1024\" height=\"618\" data-id=\"1249\" src=\"https:\/\/erkkimelartin.fi\/em\/wp-content\/uploads\/2025\/02\/Pukinmaen-kirjasto-02-1024x618.jpg\" alt=\"\" class=\"wp-image-1249\" srcset=\"https:\/\/erkkimelartin.fi\/em\/wp-content\/uploads\/2025\/02\/Pukinmaen-kirjasto-02-1024x618.jpg 1024w, https:\/\/erkkimelartin.fi\/em\/wp-content\/uploads\/2025\/02\/Pukinmaen-kirjasto-02-300x181.jpg 300w, https:\/\/erkkimelartin.fi\/em\/wp-content\/uploads\/2025\/02\/Pukinmaen-kirjasto-02-768x463.jpg 768w, https:\/\/erkkimelartin.fi\/em\/wp-content\/uploads\/2025\/02\/Pukinmaen-kirjasto-02-1536x927.jpg 1536w, https:\/\/erkkimelartin.fi\/em\/wp-content\/uploads\/2025\/02\/Pukinmaen-kirjasto-02.jpg 2000w\" sizes=\"auto, (max-width: 1024px) 100vw, 1024px\" \/><\/figure>\n<\/figure>\n\n\n\n<p><strong>Pukinm\u00e4en kirjastossa<\/strong> on esill\u00e4 pieni Melartin-n\u00e4yttely. Erkki Melartin asui Pukinm\u00e4ess\u00e4 melkein koko aikuisen ik\u00e4ns\u00e4. Kuvat otti kotiseutuneuvos <strong>Tero Tuomisto<\/strong>, joka toimii Pukinm\u00e4ki-seuran sihteerin\u00e4 ja on my\u00f6s Erkki Melartin -seuran pitk\u00e4aikainen j\u00e4sen.<\/p>\n\n\n\n<p class=\"has-medium-font-size\"><strong>21.2.2025 <\/strong>Yle Radio 1 uusintana ohjelma <strong>Ihana Aino, Aino-oopperan synnyst\u00e4<\/strong> pe 21.2. kello 11 (uusinta su 23.2. kello 8.05). Areenassa 30 vrk.<\/p>\n\n\n\n<p class=\"has-medium-font-size\">Kansalliskirjaston juhlavuoden n\u00e4yttely <a href=\"https:\/\/erkkimelartin.fi\/em\/?p=1096\"><strong><em>Kohti korkeuksia<\/em> &#8211; <em>Erkki Melartinin s\u00e4velt\u00e4j\u00e4nty\u00f6 ja el\u00e4m\u00e4nkatsomus<\/em><\/strong><\/a> on avoinna 31.10.2025 asti arkisin klo 9-18.<\/p>\n\n\n\n<p class=\"has-medium-font-size\">Sibelius-museossa on avoinna 5.2. &#8211; 2.3.2025 n\u00e4yttely <strong><a href=\"https:\/\/sibeliusmuseum.fi\/fi\/erkki-melartin-150-vuotta-monipuolinen-taiteilija\/\">Erkki Melartin 150 vuotta: Monipuolinen taiteilija<\/a><\/strong>. Museon kokoelmissa on kolmisenkymment\u00e4 Melartinin taideteosta. Listaus l\u00f6ytyy <a href=\"https:\/\/saa.finna.fi\/Search\/Results?limit=0&amp;lookfor=Erkki+Melartin&amp;type=AllFields&amp;filter%5B%5D=%7Eformat%3A%220%2FWorkOfArt%2F%22\">museon tietokannasta<\/a>. <\/p>\n\n\n\n<figure class=\"wp-block-image size-full is-resized\"><a href=\"https:\/\/sibeliusmuseum.fi\/fi\/erkki-melartin-150-vuotta-monipuolinen-taiteilija\/\"><img loading=\"lazy\" decoding=\"async\" width=\"851\" height=\"315\" src=\"https:\/\/erkkimelartin.fi\/em\/wp-content\/uploads\/2025\/02\/Melartinbanner.png\" alt=\"\" class=\"wp-image-1116\" style=\"width:486px;height:auto\" srcset=\"https:\/\/erkkimelartin.fi\/em\/wp-content\/uploads\/2025\/02\/Melartinbanner.png 851w, https:\/\/erkkimelartin.fi\/em\/wp-content\/uploads\/2025\/02\/Melartinbanner-300x111.png 300w, https:\/\/erkkimelartin.fi\/em\/wp-content\/uploads\/2025\/02\/Melartinbanner-768x284.png 768w\" sizes=\"auto, (max-width: 851px) 100vw, 851px\" \/><\/a><\/figure>\n\n\n\n<figure class=\"wp-block-gallery has-nested-images columns-default is-cropped wp-block-gallery-2 is-layout-flex wp-block-gallery-is-layout-flex\">\n<figure class=\"wp-block-image size-large\"><img loading=\"lazy\" decoding=\"async\" width=\"1024\" height=\"723\" data-id=\"1082\" src=\"https:\/\/erkkimelartin.fi\/em\/wp-content\/uploads\/2025\/02\/Melartin-150-Nayttely-1024x723.jpg\" alt=\"\" class=\"wp-image-1082\" srcset=\"https:\/\/erkkimelartin.fi\/em\/wp-content\/uploads\/2025\/02\/Melartin-150-Nayttely-1024x723.jpg 1024w, https:\/\/erkkimelartin.fi\/em\/wp-content\/uploads\/2025\/02\/Melartin-150-Nayttely-300x212.jpg 300w, https:\/\/erkkimelartin.fi\/em\/wp-content\/uploads\/2025\/02\/Melartin-150-Nayttely-768x542.jpg 768w, https:\/\/erkkimelartin.fi\/em\/wp-content\/uploads\/2025\/02\/Melartin-150-Nayttely-1536x1084.jpg 1536w, https:\/\/erkkimelartin.fi\/em\/wp-content\/uploads\/2025\/02\/Melartin-150-Nayttely.jpg 2000w\" sizes=\"auto, (max-width: 1024px) 100vw, 1024px\" \/><\/figure>\n\n\n\n<figure class=\"wp-block-image size-large\"><img loading=\"lazy\" decoding=\"async\" width=\"1024\" height=\"1007\" data-id=\"1172\" src=\"https:\/\/erkkimelartin.fi\/em\/wp-content\/uploads\/2025\/02\/250207-SibA-A1-1-1024x1007.jpg\" alt=\"\" class=\"wp-image-1172\" srcset=\"https:\/\/erkkimelartin.fi\/em\/wp-content\/uploads\/2025\/02\/250207-SibA-A1-1-1024x1007.jpg 1024w, https:\/\/erkkimelartin.fi\/em\/wp-content\/uploads\/2025\/02\/250207-SibA-A1-1-300x295.jpg 300w, https:\/\/erkkimelartin.fi\/em\/wp-content\/uploads\/2025\/02\/250207-SibA-A1-1-768x755.jpg 768w, https:\/\/erkkimelartin.fi\/em\/wp-content\/uploads\/2025\/02\/250207-SibA-A1-1-1536x1510.jpg 1536w, https:\/\/erkkimelartin.fi\/em\/wp-content\/uploads\/2025\/02\/250207-SibA-A1-1-2048x2014.jpg 2048w\" sizes=\"auto, (max-width: 1024px) 100vw, 1024px\" \/><figcaption class=\"wp-element-caption\">Sometiedottaja Pinja Ukkola<\/figcaption><\/figure>\n\n\n\n<figure class=\"wp-block-image size-large\"><img loading=\"lazy\" decoding=\"async\" width=\"1024\" height=\"1024\" data-id=\"1126\" src=\"https:\/\/erkkimelartin.fi\/em\/wp-content\/uploads\/2025\/02\/Mademoiselle-Rococo-kansi-1024x1024.jpg\" alt=\"\" class=\"wp-image-1126\" srcset=\"https:\/\/erkkimelartin.fi\/em\/wp-content\/uploads\/2025\/02\/Mademoiselle-Rococo-kansi-1024x1024.jpg 1024w, https:\/\/erkkimelartin.fi\/em\/wp-content\/uploads\/2025\/02\/Mademoiselle-Rococo-kansi-300x300.jpg 300w, https:\/\/erkkimelartin.fi\/em\/wp-content\/uploads\/2025\/02\/Mademoiselle-Rococo-kansi-150x150.jpg 150w, https:\/\/erkkimelartin.fi\/em\/wp-content\/uploads\/2025\/02\/Mademoiselle-Rococo-kansi-768x768.jpg 768w, https:\/\/erkkimelartin.fi\/em\/wp-content\/uploads\/2025\/02\/Mademoiselle-Rococo-kansi.jpg 1400w\" sizes=\"auto, (max-width: 1024px) 100vw, 1024px\" \/><\/figure>\n<\/figure>\n\n\n\n<p class=\"has-medium-font-size\">Laulajatar <strong>Eilamaria Leskinen<\/strong> ja pianotaiteilija <strong>Jouni Somero<\/strong> ovat levytt\u00e4neet Melartinin syntym\u00e4p\u00e4iv\u00e4n kunniaksi laulun <em>Mademoiselle Rococo,<\/em> op. 97, nro 2 (FC-Records FCRCD-9774) ja meill\u00e4 on nyt ilo &#8211; ja lupa &#8211; tarjota tuo \u00e4\u00e4nitys kaikille Melartinin yst\u00e4ville <strong><a href=\"https:\/\/erkkimelartin.fi\/em\/wp-content\/uploads\/2025\/02\/Rococoo_Hssmix-mp3.mp3\">t\u00e4m\u00e4n linkin<\/a><\/strong> kautta.<\/p>\n\n\n\n<p class=\"has-medium-font-size\"><strong>13.-15.3.2025 Kaksi kaupunkia &#8211; kaksi sinfoniaa (Melartin nro 6 &#8211; Brahms nro 1) &#8211; kolme konserttia<\/strong><\/p>\n\n\n\n<p class=\"has-medium-font-size\">Torstaina 13.3.2025 kello 18 Jyv\u00e4skyl\u00e4n Encore-sali. <strong>Jyv\u00e4skyl\u00e4 Sinfonia<\/strong>, johtajana <strong>Lorenzo Passerini<\/strong>. Konsertissa kuultiin <strong>Erkki Melartinin<\/strong> <em>sinfonia nro 6,<\/em> op. 100 ja <strong>Johannes Brahmsin<\/strong> <em>sinfonia nro 1<\/em>, op. 68, c-molli. Ennen konserttia FT <strong>Tuire Ranta-Meyerin<\/strong> esitelm\u00e4 otsikolla. <em>Melartinin musiikki ja el\u00e4m\u00e4n polut<\/em>. Sama ohjelma kuultiin perjantaina 14.3.2025 kello 19, Lohjan Laurentius-salissa, <strong>Lohjan kaupunginorkesteri<\/strong>, johtajana <strong>Lorenzo Passerini<\/strong> ja kolmannen kerran lauantaina 15.3.2025 kello 19. Temppeliaukion kirkossa Helsingiss\u00e4, <strong>Jyv\u00e4skyl\u00e4 Sinfonia<\/strong>, johtajana <strong>Lorenzo Passerini<\/strong>. Ennen konserttia piti Suomen pankin entisen p\u00e4\u00e4johtajan <strong>Erkki Liikasen<\/strong> haastatella tulevan el\u00e4m\u00e4kerran tiimoilta FT <strong>Tuire Ranta-Meyeria<\/strong>. Haastattelu on lyk\u00e4tty tuonnemmaksi, koska kirjan aikataulu on venynyt. Kerromme, kun tied\u00e4mme enemm\u00e4n.<\/p>\n\n\n\n<figure class=\"wp-block-gallery has-nested-images columns-default is-cropped wp-block-gallery-3 is-layout-flex wp-block-gallery-is-layout-flex\">\n<figure class=\"wp-block-image size-large\"><img loading=\"lazy\" decoding=\"async\" width=\"1024\" height=\"977\" data-id=\"1273\" src=\"https:\/\/erkkimelartin.fi\/em\/wp-content\/uploads\/2025\/03\/Tuire-15_3_2025-1024x977.jpg\" alt=\"\" class=\"wp-image-1273\" srcset=\"https:\/\/erkkimelartin.fi\/em\/wp-content\/uploads\/2025\/03\/Tuire-15_3_2025-1024x977.jpg 1024w, https:\/\/erkkimelartin.fi\/em\/wp-content\/uploads\/2025\/03\/Tuire-15_3_2025-300x286.jpg 300w, https:\/\/erkkimelartin.fi\/em\/wp-content\/uploads\/2025\/03\/Tuire-15_3_2025-768x733.jpg 768w, https:\/\/erkkimelartin.fi\/em\/wp-content\/uploads\/2025\/03\/Tuire-15_3_2025.jpg 1048w\" sizes=\"auto, (max-width: 1024px) 100vw, 1024px\" \/><\/figure>\n\n\n\n<figure class=\"wp-block-image size-large\"><img loading=\"lazy\" decoding=\"async\" width=\"879\" height=\"1000\" data-id=\"1272\" src=\"https:\/\/erkkimelartin.fi\/em\/wp-content\/uploads\/2025\/03\/Kaksi-kaupunkia-kaksi.jpg\" alt=\"\" class=\"wp-image-1272\" srcset=\"https:\/\/erkkimelartin.fi\/em\/wp-content\/uploads\/2025\/03\/Kaksi-kaupunkia-kaksi.jpg 879w, https:\/\/erkkimelartin.fi\/em\/wp-content\/uploads\/2025\/03\/Kaksi-kaupunkia-kaksi-264x300.jpg 264w, https:\/\/erkkimelartin.fi\/em\/wp-content\/uploads\/2025\/03\/Kaksi-kaupunkia-kaksi-768x874.jpg 768w\" sizes=\"auto, (max-width: 879px) 100vw, 879px\" \/><figcaption class=\"wp-element-caption\">Promokuva.<\/figcaption><\/figure>\n\n\n\n<figure class=\"wp-block-image size-large\"><img loading=\"lazy\" decoding=\"async\" width=\"839\" height=\"1000\" data-id=\"1270\" src=\"https:\/\/erkkimelartin.fi\/em\/wp-content\/uploads\/2025\/03\/Liikanen.jpg\" alt=\"\" class=\"wp-image-1270\" srcset=\"https:\/\/erkkimelartin.fi\/em\/wp-content\/uploads\/2025\/03\/Liikanen.jpg 839w, https:\/\/erkkimelartin.fi\/em\/wp-content\/uploads\/2025\/03\/Liikanen-252x300.jpg 252w, https:\/\/erkkimelartin.fi\/em\/wp-content\/uploads\/2025\/03\/Liikanen-768x915.jpg 768w\" sizes=\"auto, (max-width: 839px) 100vw, 839px\" \/><figcaption class=\"wp-element-caption\">Anonyymi kuva.<\/figcaption><\/figure>\n<\/figure>\n\n\n\n<figure class=\"wp-block-gallery has-nested-images columns-default is-cropped wp-block-gallery-4 is-layout-flex wp-block-gallery-is-layout-flex\">\n<figure class=\"wp-block-image size-large\"><img loading=\"lazy\" decoding=\"async\" width=\"649\" height=\"853\" data-id=\"1292\" src=\"https:\/\/erkkimelartin.fi\/em\/wp-content\/uploads\/2025\/03\/op40-partituuri.jpg\" alt=\"\" class=\"wp-image-1292\" srcset=\"https:\/\/erkkimelartin.fi\/em\/wp-content\/uploads\/2025\/03\/op40-partituuri.jpg 649w, https:\/\/erkkimelartin.fi\/em\/wp-content\/uploads\/2025\/03\/op40-partituuri-228x300.jpg 228w\" sizes=\"auto, (max-width: 649px) 100vw, 649px\" \/><figcaption class=\"wp-element-caption\">Melartinin 3. sinfonian partituuri ensimm\u00e4inen sivu.<\/figcaption><\/figure>\n\n\n\n<figure class=\"wp-block-image size-large\"><img loading=\"lazy\" decoding=\"async\" width=\"544\" height=\"853\" data-id=\"1293\" src=\"https:\/\/erkkimelartin.fi\/em\/wp-content\/uploads\/2025\/03\/Eero-Jarnefelt-JS-1890.jpeg\" alt=\"\" class=\"wp-image-1293\" srcset=\"https:\/\/erkkimelartin.fi\/em\/wp-content\/uploads\/2025\/03\/Eero-Jarnefelt-JS-1890.jpeg 544w, https:\/\/erkkimelartin.fi\/em\/wp-content\/uploads\/2025\/03\/Eero-Jarnefelt-JS-1890-191x300.jpeg 191w\" sizes=\"auto, (max-width: 544px) 100vw, 544px\" \/><figcaption class=\"wp-element-caption\">Eero J\u00e4rnefelt: Jean Sibelius 1890<\/figcaption><\/figure>\n\n\n\n<figure class=\"wp-block-image size-large\"><img loading=\"lazy\" decoding=\"async\" width=\"661\" height=\"853\" data-id=\"1294\" src=\"https:\/\/erkkimelartin.fi\/em\/wp-content\/uploads\/2025\/03\/Ernesaks-Amanda.jpg\" alt=\"\" class=\"wp-image-1294\" srcset=\"https:\/\/erkkimelartin.fi\/em\/wp-content\/uploads\/2025\/03\/Ernesaks-Amanda.jpg 661w, https:\/\/erkkimelartin.fi\/em\/wp-content\/uploads\/2025\/03\/Ernesaks-Amanda-232x300.jpg 232w\" sizes=\"auto, (max-width: 661px) 100vw, 661px\" \/><figcaption class=\"wp-element-caption\">Amanda Ernesaks (kuvaaja ei tiedossa)<\/figcaption><\/figure>\n<\/figure>\n\n\n\n<p class=\"has-medium-font-size\"><strong>Melartinin &#8220;kohtalonsinfonia&#8221; nro 3, op. 40 Hyvink\u00e4\u00e4ll\u00e4 ja Helsingiss\u00e4 18.-19.3.2025<\/strong><\/p>\n\n\n\n<p class=\"has-medium-font-size\"><strong>Tiistaina 18.3.2025 kello 19<\/strong>, Hyvink\u00e4\u00e4-sali. <strong>Hyvink\u00e4\u00e4n orkesteri<\/strong>, johtajana <strong>Tuomas Piril\u00e4<\/strong>. <strong><a href=\"http:\/\/www.hyvinkaanorkesteri.fi\/melartin-150-helsinki\/\">MELARTIN 150<\/a><\/strong> -konsertti, jonka ohjelmassa on <strong>Jean Sibeliuksen<\/strong> viulukonserton (solistina Kuopion viulukilpailun 2025 voittaja <strong>Amanda Ernesaks<\/strong>) lis\u00e4ksi <strong>Erkki Melartinin<\/strong> <em>Sinfonia nro 3<\/em>, op. 40, F-duuri ja <strong>Vincent d&#8217;Indyn<\/strong> oopperan <em>Fervaal<\/em> 1. n\u00e4yt\u00f6ksen johdanto. Ennen konserttia kello 18 j\u00e4rjestettiin yhteisty\u00f6ss\u00e4 Erkki Melartin -seuran ja Hyvink\u00e4\u00e4n musiikkiopiston kanssa ennakkotilaisuus, jossa Erkki Melartin -seuran puheenjohtaja <strong>Tuire Ranta-Meyer<\/strong> kertoi Melartinin el\u00e4m\u00e4st\u00e4. <\/p>\n\n\n\n<p class=\"has-medium-font-size\"><strong>Keskiviikkona 19.3.2025 kello 19<\/strong>-21 oli Temppeliaukion kirkossa Helsingiss\u00e4 Hyvink\u00e4\u00e4n orkesterin vierailukonsertti samalla ohjelmalla kuin tiistaina Hyvink\u00e4\u00e4ll\u00e4. Yleis\u00f6\u00e4 oli runsaasti ja suosionosoitukset olivat hienon konsertin j\u00e4lkeen huumaavat.<\/p>\n\n\n\n<figure class=\"wp-block-gallery has-nested-images columns-default is-cropped wp-block-gallery-5 is-layout-flex wp-block-gallery-is-layout-flex\">\n<figure class=\"wp-block-image size-large\"><img loading=\"lazy\" decoding=\"async\" width=\"1024\" height=\"703\" data-id=\"1316\" src=\"https:\/\/erkkimelartin.fi\/em\/wp-content\/uploads\/2025\/03\/Konsertti-250319-01-1024x703.jpg\" alt=\"\" class=\"wp-image-1316\" srcset=\"https:\/\/erkkimelartin.fi\/em\/wp-content\/uploads\/2025\/03\/Konsertti-250319-01-1024x703.jpg 1024w, https:\/\/erkkimelartin.fi\/em\/wp-content\/uploads\/2025\/03\/Konsertti-250319-01-300x206.jpg 300w, https:\/\/erkkimelartin.fi\/em\/wp-content\/uploads\/2025\/03\/Konsertti-250319-01-768x527.jpg 768w, https:\/\/erkkimelartin.fi\/em\/wp-content\/uploads\/2025\/03\/Konsertti-250319-01-1536x1054.jpg 1536w, https:\/\/erkkimelartin.fi\/em\/wp-content\/uploads\/2025\/03\/Konsertti-250319-01-2048x1406.jpg 2048w\" sizes=\"auto, (max-width: 1024px) 100vw, 1024px\" \/><\/figure>\n\n\n\n<figure class=\"wp-block-image size-large\"><img loading=\"lazy\" decoding=\"async\" width=\"1024\" height=\"794\" data-id=\"1315\" src=\"https:\/\/erkkimelartin.fi\/em\/wp-content\/uploads\/2025\/03\/Konsertti-250319-02-1024x794.jpg\" alt=\"\" class=\"wp-image-1315\" srcset=\"https:\/\/erkkimelartin.fi\/em\/wp-content\/uploads\/2025\/03\/Konsertti-250319-02-1024x794.jpg 1024w, https:\/\/erkkimelartin.fi\/em\/wp-content\/uploads\/2025\/03\/Konsertti-250319-02-300x233.jpg 300w, https:\/\/erkkimelartin.fi\/em\/wp-content\/uploads\/2025\/03\/Konsertti-250319-02-768x595.jpg 768w, https:\/\/erkkimelartin.fi\/em\/wp-content\/uploads\/2025\/03\/Konsertti-250319-02-1536x1191.jpg 1536w, https:\/\/erkkimelartin.fi\/em\/wp-content\/uploads\/2025\/03\/Konsertti-250319-02-2048x1588.jpg 2048w\" sizes=\"auto, (max-width: 1024px) 100vw, 1024px\" \/><\/figure>\n\n\n\n<figure class=\"wp-block-image size-large\"><img loading=\"lazy\" decoding=\"async\" width=\"1024\" height=\"766\" data-id=\"1314\" src=\"https:\/\/erkkimelartin.fi\/em\/wp-content\/uploads\/2025\/03\/Konsertti-250319-03-1024x766.jpg\" alt=\"\" class=\"wp-image-1314\" srcset=\"https:\/\/erkkimelartin.fi\/em\/wp-content\/uploads\/2025\/03\/Konsertti-250319-03-1024x766.jpg 1024w, https:\/\/erkkimelartin.fi\/em\/wp-content\/uploads\/2025\/03\/Konsertti-250319-03-300x225.jpg 300w, https:\/\/erkkimelartin.fi\/em\/wp-content\/uploads\/2025\/03\/Konsertti-250319-03-768x575.jpg 768w, https:\/\/erkkimelartin.fi\/em\/wp-content\/uploads\/2025\/03\/Konsertti-250319-03-1536x1150.jpg 1536w, https:\/\/erkkimelartin.fi\/em\/wp-content\/uploads\/2025\/03\/Konsertti-250319-03-2048x1533.jpg 2048w\" sizes=\"auto, (max-width: 1024px) 100vw, 1024px\" \/><\/figure>\n<\/figure>\n\n\n\n<p class=\"has-small-font-size\"><\/p>\n\n\n\n<figure class=\"wp-block-image size-large\"><img loading=\"lazy\" decoding=\"async\" width=\"1024\" height=\"359\" src=\"https:\/\/erkkimelartin.fi\/em\/wp-content\/uploads\/2025\/03\/Melartin-Porvoo-250322-1024x359.jpg\" alt=\"\" class=\"wp-image-1323\" srcset=\"https:\/\/erkkimelartin.fi\/em\/wp-content\/uploads\/2025\/03\/Melartin-Porvoo-250322-1024x359.jpg 1024w, https:\/\/erkkimelartin.fi\/em\/wp-content\/uploads\/2025\/03\/Melartin-Porvoo-250322-300x105.jpg 300w, https:\/\/erkkimelartin.fi\/em\/wp-content\/uploads\/2025\/03\/Melartin-Porvoo-250322-768x269.jpg 768w, https:\/\/erkkimelartin.fi\/em\/wp-content\/uploads\/2025\/03\/Melartin-Porvoo-250322-1536x538.jpg 1536w, https:\/\/erkkimelartin.fi\/em\/wp-content\/uploads\/2025\/03\/Melartin-Porvoo-250322.jpg 1727w\" sizes=\"auto, (max-width: 1024px) 100vw, 1024px\" \/><\/figure>\n\n\n\n<p class=\"has-medium-font-size\"><strong>28.3.2025<\/strong> Konsertti <em><strong>Erkki Melartinin s\u00e4vellysluokka 1924<\/strong><\/em> Hakasalmen huvila, Helsinki <\/p>\n\n\n\n<p>Yleis\u00f6\u00e4 oli pienen salin t\u00e4ysi, tunnelma l\u00e4mmin ja ohjelmisto todella kiinnostava, harvinainen ja kuulijoiden reaktioiden perusteella innostava. Hienoon lopputulokseen vaikutti my\u00f6s soittajien vahva paneutuminen ja ainakin meille helsinkil\u00e4isille herkist\u00e4v\u00e4 taustalla n\u00e4kynyt vanhojen valokuvien kuvavirta. Pianotaiteilija <strong>Esa Yl\u00f6nen<\/strong> juonsi konsertin ja ahkeroi jokaisen teoksen pianistina. H\u00e4nt\u00e4 avusti nuottien vinhassa k\u00e4\u00e4nt\u00e4misess\u00e4 laulaja <strong>Maja Burggraaff<\/strong> taidolla. Ohjelman eri kokoonpanoissa soittivat <strong>St\u00eap\u00e1n Graffe<\/strong>, viulu, <strong>Miroslav Kov\u00e1r<\/strong>, alttoviulu ja <strong>Michal Hre\u0148o<\/strong>, sello. Ohjelmassa kuultiin <strong>Onni Lamp\u00e9nin<\/strong> <em>Chanson matinale<\/em> (1924), <strong>Helvi Leivisk\u00e4n<\/strong> <em>pianotrion<\/em> osa Allegro con fuoco (1924), <strong>Sulho Rannan<\/strong> pianokvarteton <em>Quartetto inquieto<\/em> (1924) osia, <strong>Yrj\u00f6 Gunaropuloksen<\/strong> <em>Elegie<\/em> (1937) sek\u00e4 ehk\u00e4 illan p\u00e4\u00e4teoksen <strong>Uuno Klamin<\/strong> <em>Quatuor<\/em>, pianokvartetto D-duuri (1922). Konsertin j\u00e4rjesti Erkki Melartin -seura ry ja sit\u00e4 tuki T\u0161ekin suurl\u00e4hetyst\u00f6.<\/p>\n\n\n\n<figure class=\"wp-block-gallery has-nested-images columns-default is-cropped wp-block-gallery-6 is-layout-flex wp-block-gallery-is-layout-flex\">\n<figure class=\"wp-block-image size-large\"><img loading=\"lazy\" decoding=\"async\" width=\"1024\" height=\"736\" data-id=\"1339\" src=\"https:\/\/erkkimelartin.fi\/em\/wp-content\/uploads\/2025\/03\/1924-01-1024x736.jpg\" alt=\"\" class=\"wp-image-1339\" srcset=\"https:\/\/erkkimelartin.fi\/em\/wp-content\/uploads\/2025\/03\/1924-01-1024x736.jpg 1024w, https:\/\/erkkimelartin.fi\/em\/wp-content\/uploads\/2025\/03\/1924-01-300x216.jpg 300w, https:\/\/erkkimelartin.fi\/em\/wp-content\/uploads\/2025\/03\/1924-01-768x552.jpg 768w, https:\/\/erkkimelartin.fi\/em\/wp-content\/uploads\/2025\/03\/1924-01-1536x1105.jpg 1536w, https:\/\/erkkimelartin.fi\/em\/wp-content\/uploads\/2025\/03\/1924-01-2048x1473.jpg 2048w\" sizes=\"auto, (max-width: 1024px) 100vw, 1024px\" \/><\/figure>\n\n\n\n<figure class=\"wp-block-image size-large\"><img loading=\"lazy\" decoding=\"async\" width=\"1024\" height=\"766\" data-id=\"1341\" src=\"https:\/\/erkkimelartin.fi\/em\/wp-content\/uploads\/2025\/03\/1924-03-1024x766.jpg\" alt=\"\" class=\"wp-image-1341\" srcset=\"https:\/\/erkkimelartin.fi\/em\/wp-content\/uploads\/2025\/03\/1924-03-1024x766.jpg 1024w, https:\/\/erkkimelartin.fi\/em\/wp-content\/uploads\/2025\/03\/1924-03-300x225.jpg 300w, https:\/\/erkkimelartin.fi\/em\/wp-content\/uploads\/2025\/03\/1924-03-768x575.jpg 768w, https:\/\/erkkimelartin.fi\/em\/wp-content\/uploads\/2025\/03\/1924-03-1536x1150.jpg 1536w, https:\/\/erkkimelartin.fi\/em\/wp-content\/uploads\/2025\/03\/1924-03-2048x1533.jpg 2048w\" sizes=\"auto, (max-width: 1024px) 100vw, 1024px\" \/><\/figure>\n<\/figure>\n\n\n\n<figure class=\"wp-block-gallery has-nested-images columns-default is-cropped wp-block-gallery-7 is-layout-flex wp-block-gallery-is-layout-flex\">\n<figure class=\"wp-block-image size-large\"><img loading=\"lazy\" decoding=\"async\" width=\"1024\" height=\"576\" data-id=\"1259\" src=\"https:\/\/erkkimelartin.fi\/em\/wp-content\/uploads\/2025\/02\/1924-kamarimusiikkikonsertti-vaaka-1024x576.jpg\" alt=\"\" class=\"wp-image-1259\" srcset=\"https:\/\/erkkimelartin.fi\/em\/wp-content\/uploads\/2025\/02\/1924-kamarimusiikkikonsertti-vaaka-1024x576.jpg 1024w, https:\/\/erkkimelartin.fi\/em\/wp-content\/uploads\/2025\/02\/1924-kamarimusiikkikonsertti-vaaka-300x169.jpg 300w, https:\/\/erkkimelartin.fi\/em\/wp-content\/uploads\/2025\/02\/1924-kamarimusiikkikonsertti-vaaka-768x432.jpg 768w, https:\/\/erkkimelartin.fi\/em\/wp-content\/uploads\/2025\/02\/1924-kamarimusiikkikonsertti-vaaka-1536x864.jpg 1536w, https:\/\/erkkimelartin.fi\/em\/wp-content\/uploads\/2025\/02\/1924-kamarimusiikkikonsertti-vaaka.jpg 1920w\" sizes=\"auto, (max-width: 1024px) 100vw, 1024px\" \/><\/figure>\n\n\n\n<figure class=\"wp-block-image size-large\"><img loading=\"lazy\" decoding=\"async\" width=\"1024\" height=\"696\" data-id=\"1340\" src=\"https:\/\/erkkimelartin.fi\/em\/wp-content\/uploads\/2025\/03\/1924-02-1024x696.jpg\" alt=\"\" class=\"wp-image-1340\" srcset=\"https:\/\/erkkimelartin.fi\/em\/wp-content\/uploads\/2025\/03\/1924-02-1024x696.jpg 1024w, https:\/\/erkkimelartin.fi\/em\/wp-content\/uploads\/2025\/03\/1924-02-300x204.jpg 300w, https:\/\/erkkimelartin.fi\/em\/wp-content\/uploads\/2025\/03\/1924-02-768x522.jpg 768w, https:\/\/erkkimelartin.fi\/em\/wp-content\/uploads\/2025\/03\/1924-02-1536x1043.jpg 1536w, https:\/\/erkkimelartin.fi\/em\/wp-content\/uploads\/2025\/03\/1924-02-2048x1391.jpg 2048w\" sizes=\"auto, (max-width: 1024px) 100vw, 1024px\" \/><\/figure>\n<\/figure>\n\n\n\n<p><strong>12.4.2025 SPELDOSA &#8211; SOITTORASIA<\/strong> Melartinin s\u00e4vellyksi\u00e4 nuorille soittajille ja laulajille, Villa Albert, Porvoo.<\/p>\n\n\n\n<p class=\"has-medium-font-size\">16.4.2025 <strong>Linda Suolahti<\/strong> ja <strong>Miikka Taipale<\/strong> &#8211; Melartin 150 &#8211; <em>Viulusonaatti<\/em>, op. 10 ja <em>Cantilene<\/em>, op. 44, nro 2 Hakasalmen huvila klo 19<\/p>\n\n\n\n<figure class=\"wp-block-image size-large is-resized\"><img loading=\"lazy\" decoding=\"async\" width=\"1024\" height=\"1020\" src=\"https:\/\/erkkimelartin.fi\/em\/wp-content\/uploads\/2025\/03\/Suolahti-16_4_2025-1024x1020.jpg\" alt=\"\" class=\"wp-image-1331\" style=\"width:362px;height:auto\" srcset=\"https:\/\/erkkimelartin.fi\/em\/wp-content\/uploads\/2025\/03\/Suolahti-16_4_2025-1024x1020.jpg 1024w, https:\/\/erkkimelartin.fi\/em\/wp-content\/uploads\/2025\/03\/Suolahti-16_4_2025-300x300.jpg 300w, https:\/\/erkkimelartin.fi\/em\/wp-content\/uploads\/2025\/03\/Suolahti-16_4_2025-150x150.jpg 150w, https:\/\/erkkimelartin.fi\/em\/wp-content\/uploads\/2025\/03\/Suolahti-16_4_2025-768x765.jpg 768w, https:\/\/erkkimelartin.fi\/em\/wp-content\/uploads\/2025\/03\/Suolahti-16_4_2025.jpg 1500w\" sizes=\"auto, (max-width: 1024px) 100vw, 1024px\" \/><\/figure>\n\n\n\n<p class=\"has-medium-font-size\"><strong>17.4.2025<\/strong> Kiirastorstain klo 18 pianoresitaali&nbsp;<strong>Mystisen \u00e4\u00e4rell\u00e4&nbsp;<\/strong><\/p>\n\n\n\n<p class=\"has-medium-font-size\">Tilaisuus kutsui hiljentym\u00e4\u00e4n \u00e4\u00e4rimm\u00e4isten musiikillisten vastakohtien pariin, hiljaisuudesta huutoon. N\u00e4m\u00e4 teokset heijastelevat ajattomia inhimillisi\u00e4 teemoja&nbsp;kuten ihmisen ja yhteiskunnan sis\u00e4ist\u00e4 kamppailua, luonnon tarjoamaa pysyvyytt\u00e4 sek\u00e4 n\u00e4kym\u00e4tt\u00f6m\u00e4n, arvoituksellisen maailman rikkautta.&nbsp;Pianotaiteilija, MuT&nbsp;<strong>Eveliina Sumelius-Lindblom<\/strong>&nbsp;nostaa ohjelmassaan esille 1900-luvun modernismin ja aikamme musiikin mystiikan mestarit kuten <strong>Alfred Schnittke, Peteris&nbsp;Vasks, Olivier Messiaen<\/strong> ja <strong>Erkki Melartin<\/strong>. Teemaan johdatteli emeritusprofessori&nbsp;<strong>Matti Huttunen<\/strong>&nbsp;esitelm\u00e4ll\u00e4\u00e4n <em>Mystiikan utopiat musiikissa<\/em>.  <\/p>\n\n\n\n<p>Tuire Ranta-Meyerin kirjoittama konsertin esittely l\u00f6ytyy <strong><a href=\"https:\/\/erkkimelartin.fi\/em\/?p=1386\">t\u00e4\u00e4lt\u00e4<\/a><\/strong>.<\/p>\n\n\n\n<p class=\"has-medium-font-size\"><\/p>\n\n\n\n<figure class=\"wp-block-image size-large\"><img loading=\"lazy\" decoding=\"async\" width=\"1024\" height=\"488\" src=\"https:\/\/erkkimelartin.fi\/em\/wp-content\/uploads\/2025\/04\/Mystisen-aarella-17042025-1024x488.jpg\" alt=\"\" class=\"wp-image-1363\" srcset=\"https:\/\/erkkimelartin.fi\/em\/wp-content\/uploads\/2025\/04\/Mystisen-aarella-17042025-1024x488.jpg 1024w, https:\/\/erkkimelartin.fi\/em\/wp-content\/uploads\/2025\/04\/Mystisen-aarella-17042025-300x143.jpg 300w, https:\/\/erkkimelartin.fi\/em\/wp-content\/uploads\/2025\/04\/Mystisen-aarella-17042025-768x366.jpg 768w, https:\/\/erkkimelartin.fi\/em\/wp-content\/uploads\/2025\/04\/Mystisen-aarella-17042025-1536x732.jpg 1536w, https:\/\/erkkimelartin.fi\/em\/wp-content\/uploads\/2025\/04\/Mystisen-aarella-17042025-2048x976.jpg 2048w\" sizes=\"auto, (max-width: 1024px) 100vw, 1024px\" \/><\/figure>\n\n\n\n<p class=\"has-medium-font-size\"><strong>Luminatumin<\/strong> ja <strong>Sakari Ylivuoren<\/strong> luentokonsertti Kansalliskirjaston Kupolisalissa ti 13.5.2025<\/p>\n\n\n\n<p>Kansalliskirjaston kev\u00e4tkonsertissa 13.5. Kupolisalissa esiintyi kahdeksanhenkinen lauluyhtye <strong>Luminatum<\/strong>.&nbsp;<\/p>\n\n\n\n<p>Konsertti oli luonteeltaan ns. luentokonsertti, esitettyj\u00e4 teoksia esitteli yhtyeen johtaja, musiikin tohtori <strong>Sakari Ylivuori<\/strong>, jota voi hyvin luonnehtia kulttuurin ja tutkimuksen k\u00e4det savessa puurtavaksi tienraivaajaksi. Ylivuori on toiminut opettajana mm Sibelius-Akatemiassa ja Metropoliassa. Lis\u00e4ksi h\u00e4n on palkittu kuoronjohtaja, kirjailija ja tutkija Jean Sibelius Works julkaisuhankkeessa. Yhtyeess\u00e4 lauloivat <strong>Charlotta av H\u00e4llstr\u00f6m-Reijonen<\/strong> ja <strong>P\u00e4ivi Pald\u00e1nius<\/strong> (sopraano), <strong>Heidi Kokki<\/strong> ja <strong>Ellinor Hellman<\/strong> (altto), <strong>Joakim Haldin<\/strong> ja <strong>Martin von Weissenberg<\/strong> (tenori) sek\u00e4 Sakari Ylivuori ja <strong>Kim Lang<\/strong> (basso).<\/p>\n\n\n\n<p>Luminatumin kev\u00e4tkonsertissa kuullaan musiikkia my\u00f6s Melartinin oppilailta ja kollegoilta, <strong>Heidi Sundblad-Halmeelta<\/strong>, <strong>Greta Dahlstr\u00f6milt\u00e4<\/strong>, <strong>Helvi Leivisk\u00e4lt\u00e4<\/strong>, <strong>Alice Tegn\u00e9rilt\u00e4<\/strong>, <strong>V\u00e4in\u00f6 Raitiolta<\/strong> ja <strong>Aarre Merikannolta<\/strong>. Salin t\u00e4ysi yleis\u00f6 sai nauttia korkeatasoisesta musiikista ja Ylivuoren tietorikkaista v\u00e4lijuonnoista &#8211; ocks\u00e5 p\u00e5 svenska!. Illan ehk\u00e4 hienoin hetki oli konsertin loppupuolella, kun yhtye esitti Erkki Melartinin laulusarjan <em>Sju mystiska botpsalmer<\/em>, op. 182 <strong>Nino Runebergin<\/strong> teksteihin. Sakari Ylivuorella oli mielenkiintoista kerrottavaa julkaisematta j\u00e4\u00e4neest\u00e4 teoksesta, jota on arveltu liian vaikeaksi 1910-luvun suomalaisille kuoroille.<\/p>\n\n\n\n<figure class=\"wp-block-image size-large\"><img loading=\"lazy\" decoding=\"async\" width=\"1024\" height=\"489\" src=\"https:\/\/erkkimelartin.fi\/em\/wp-content\/uploads\/2025\/05\/Luminatum-HP-1024x489.jpg\" alt=\"\" class=\"wp-image-1409\" srcset=\"https:\/\/erkkimelartin.fi\/em\/wp-content\/uploads\/2025\/05\/Luminatum-HP-1024x489.jpg 1024w, https:\/\/erkkimelartin.fi\/em\/wp-content\/uploads\/2025\/05\/Luminatum-HP-300x143.jpg 300w, https:\/\/erkkimelartin.fi\/em\/wp-content\/uploads\/2025\/05\/Luminatum-HP-768x367.jpg 768w, https:\/\/erkkimelartin.fi\/em\/wp-content\/uploads\/2025\/05\/Luminatum-HP.jpg 1500w\" sizes=\"auto, (max-width: 1024px) 100vw, 1024px\" \/><\/figure>\n\n\n\n<p class=\"has-medium-font-size\">Melartin &#8211; Koskenniemi &#8211; Funtek &#8211; Jaakko Kortekangas 18.5.2025 klo 18 Helsingin konservatorion konserttisali<\/p>\n\n\n\n<p>Erkki Melartinin 24 laulua <strong>V. A. Koskenniemen<\/strong> teksteihin esikoiskokoelmasta <em>Runoja<\/em> (1906). Ensimm\u00e4ist\u00e4 kertaa kaikki laulut opuksista 45-47 orkesterin s\u00e4estyksell\u00e4. Orkesterisovitukset teki <strong>Leo Funtek<\/strong>. Sunnuntaina tosin kuultiin laulu <em>Tule armaani<\/em>, op. 47, nro 1 s\u00e4velt\u00e4j\u00e4 <strong>Mikko Nisulan<\/strong> taitavasti tehtyn\u00e4 tyylinmukaisena sovituksena, koska Funtekin k\u00e4sikirjoitusta ei muiden laulujen tavoin ole ainakaan toistaiseksi l\u00f6ydetty. K\u00e4sikirjoitukset on kirjoittanut puhtaaksi nuottigraafikko <strong>Jani Kyll\u00f6nen<\/strong>, joka p\u00e4\u00e4si esityksess\u00e4 soittamaan celestaa. Palaamme konsertin tunnelmiin viel\u00e4 my\u00f6hemmin!<\/p>\n\n\n\n<figure class=\"wp-block-gallery has-nested-images columns-default is-cropped wp-block-gallery-8 is-layout-flex wp-block-gallery-is-layout-flex\">\n<figure class=\"wp-block-image size-large\"><img loading=\"lazy\" decoding=\"async\" width=\"400\" height=\"600\" data-id=\"1375\" src=\"https:\/\/erkkimelartin.fi\/em\/wp-content\/uploads\/2025\/04\/JaakkoKortekangas_kuvaTimoMokkila-1.jpg\" alt=\"\" class=\"wp-image-1375\" srcset=\"https:\/\/erkkimelartin.fi\/em\/wp-content\/uploads\/2025\/04\/JaakkoKortekangas_kuvaTimoMokkila-1.jpg 400w, https:\/\/erkkimelartin.fi\/em\/wp-content\/uploads\/2025\/04\/JaakkoKortekangas_kuvaTimoMokkila-1-200x300.jpg 200w\" sizes=\"auto, (max-width: 400px) 100vw, 400px\" \/><figcaption class=\"wp-element-caption\">Kuva Timo Mokkila<\/figcaption><\/figure>\n\n\n\n<figure class=\"wp-block-image size-large\"><img loading=\"lazy\" decoding=\"async\" width=\"724\" height=\"1024\" data-id=\"1377\" src=\"https:\/\/erkkimelartin.fi\/em\/wp-content\/uploads\/2025\/02\/Melartin-Funtek-mainos-724x1024.jpg\" alt=\"\" class=\"wp-image-1377\" srcset=\"https:\/\/erkkimelartin.fi\/em\/wp-content\/uploads\/2025\/02\/Melartin-Funtek-mainos-724x1024.jpg 724w, https:\/\/erkkimelartin.fi\/em\/wp-content\/uploads\/2025\/02\/Melartin-Funtek-mainos-212x300.jpg 212w, https:\/\/erkkimelartin.fi\/em\/wp-content\/uploads\/2025\/02\/Melartin-Funtek-mainos-768x1086.jpg 768w, https:\/\/erkkimelartin.fi\/em\/wp-content\/uploads\/2025\/02\/Melartin-Funtek-mainos-1086x1536.jpg 1086w, https:\/\/erkkimelartin.fi\/em\/wp-content\/uploads\/2025\/02\/Melartin-Funtek-mainos-1448x2048.jpg 1448w, https:\/\/erkkimelartin.fi\/em\/wp-content\/uploads\/2025\/02\/Melartin-Funtek-mainos-scaled.jpg 1810w\" sizes=\"auto, (max-width: 724px) 100vw, 724px\" \/><\/figure>\n\n\n\n<figure class=\"wp-block-image size-large\"><img loading=\"lazy\" decoding=\"async\" width=\"479\" height=\"774\" data-id=\"1374\" src=\"https:\/\/erkkimelartin.fi\/em\/wp-content\/uploads\/2025\/04\/koskenniemi-1.jpg\" alt=\"\" class=\"wp-image-1374\" srcset=\"https:\/\/erkkimelartin.fi\/em\/wp-content\/uploads\/2025\/04\/koskenniemi-1.jpg 479w, https:\/\/erkkimelartin.fi\/em\/wp-content\/uploads\/2025\/04\/koskenniemi-1-186x300.jpg 186w\" sizes=\"auto, (max-width: 479px) 100vw, 479px\" \/><\/figure>\n<\/figure>\n\n\n\n<ul class=\"wp-block-list\">\n<li><strong>Pukinm\u00e4ki-p\u00e4iv\u00e4t la 24.5.2025<\/strong> klo 10 &#8211; 13 S\u00e4velt\u00e4j\u00e4npuistossa, Unikkotie 8. Klo 10 <strong>Tero Tuomiston<\/strong> vet\u00e4m\u00e4 <strong>kotiseutuk\u00e4vely<\/strong>. K\u00e4velyn teemana Erkki Melartinin el\u00e4m\u00e4 Pukinm\u00e4en huvilassaan. S\u00e4velt\u00e4j\u00e4puiston taidetalossa <strong>Bruno Maximuksen<\/strong> taiden\u00e4yttely, jonka yhten\u00e4 teoksena on hiilipiirrosmuotokuva Erkki Melartinista. <em>Cafe Melartin<\/em> oli avoinna 11-15. N\u00e4yttely oli avoinna Pukinm\u00e4ki-p\u00e4iv\u00e4n aikana.<\/li>\n<\/ul>\n\n\n\n<figure class=\"wp-block-gallery has-nested-images columns-default is-cropped wp-block-gallery-9 is-layout-flex wp-block-gallery-is-layout-flex\">\n<figure class=\"wp-block-image size-large\"><img loading=\"lazy\" decoding=\"async\" width=\"524\" height=\"900\" data-id=\"1425\" src=\"https:\/\/erkkimelartin.fi\/em\/wp-content\/uploads\/2025\/05\/Screenshot_20250521_143424_Samsung-Internet.jpg\" alt=\"\" class=\"wp-image-1425\" srcset=\"https:\/\/erkkimelartin.fi\/em\/wp-content\/uploads\/2025\/05\/Screenshot_20250521_143424_Samsung-Internet.jpg 524w, https:\/\/erkkimelartin.fi\/em\/wp-content\/uploads\/2025\/05\/Screenshot_20250521_143424_Samsung-Internet-175x300.jpg 175w\" sizes=\"auto, (max-width: 524px) 100vw, 524px\" \/><\/figure>\n\n\n\n<figure class=\"wp-block-image size-large\"><img loading=\"lazy\" decoding=\"async\" width=\"739\" height=\"1024\" data-id=\"1432\" src=\"https:\/\/erkkimelartin.fi\/em\/wp-content\/uploads\/2025\/05\/Bruno-Maximus-Melartin-739x1024.jpg\" alt=\"\" class=\"wp-image-1432\" srcset=\"https:\/\/erkkimelartin.fi\/em\/wp-content\/uploads\/2025\/05\/Bruno-Maximus-Melartin-739x1024.jpg 739w, https:\/\/erkkimelartin.fi\/em\/wp-content\/uploads\/2025\/05\/Bruno-Maximus-Melartin-217x300.jpg 217w, https:\/\/erkkimelartin.fi\/em\/wp-content\/uploads\/2025\/05\/Bruno-Maximus-Melartin-768x1064.jpg 768w, https:\/\/erkkimelartin.fi\/em\/wp-content\/uploads\/2025\/05\/Bruno-Maximus-Melartin.jpg 1000w\" sizes=\"auto, (max-width: 739px) 100vw, 739px\" \/><figcaption class=\"wp-element-caption\">Tekij\u00e4 Bruno Maximus<\/figcaption><\/figure>\n<\/figure>\n\n\n\n<p><\/p>\n\n\n\n<figure class=\"wp-block-image size-large\"><img loading=\"lazy\" decoding=\"async\" width=\"1024\" height=\"269\" src=\"https:\/\/erkkimelartin.fi\/em\/wp-content\/uploads\/2025\/05\/Arabia-kaikuu-2025-1024x269.jpg\" alt=\"\" class=\"wp-image-1447\" srcset=\"https:\/\/erkkimelartin.fi\/em\/wp-content\/uploads\/2025\/05\/Arabia-kaikuu-2025-1024x269.jpg 1024w, https:\/\/erkkimelartin.fi\/em\/wp-content\/uploads\/2025\/05\/Arabia-kaikuu-2025-300x79.jpg 300w, https:\/\/erkkimelartin.fi\/em\/wp-content\/uploads\/2025\/05\/Arabia-kaikuu-2025-768x202.jpg 768w, https:\/\/erkkimelartin.fi\/em\/wp-content\/uploads\/2025\/05\/Arabia-kaikuu-2025-1536x404.jpg 1536w, https:\/\/erkkimelartin.fi\/em\/wp-content\/uploads\/2025\/05\/Arabia-kaikuu-2025.jpg 1903w\" sizes=\"auto, (max-width: 1024px) 100vw, 1024px\" \/><\/figure>\n\n\n\n<p class=\"has-large-font-size\"><a href=\"https:\/\/www.arabiakaikuu.com\/festivaali2025\"><strong>5.- 8.6.2025 ARABIA KAIKUU<\/strong> -festivaali<\/a><\/p>\n\n\n\n<p>Vuoden 2025 Arabia kaikuu -liedfestivaalin kulmakiveksi valikoitui s\u00e4velt\u00e4j\u00e4 Erkki Melartin, jonka syntym\u00e4st\u00e4 tuli 2.2.2025 kuluneeksi 150 vuotta. Melartin oli varsinainen renessanssi-ihminen: s\u00e4velt\u00e4j\u00e4, pedagogi, taidemaalari, teosofi, aforistikko, maailmanmatkaaja, botanisti, filatelisti&#8230; H\u00e4nen monitahoisen el\u00e4m\u00e4ns\u00e4 s\u00e4ikeet kulkevat kultaisena rihmastona l\u00e4pi festivaalikokonaisuuden.<\/p>\n\n\n\n<ul class=\"wp-block-list\">\n<li><strong>To 5.6. klo 18 ravintola Luovan lava<\/strong> (H\u00e4meentie 135 D, k\u00e4ynti my\u00f6s Muotoilijankatu 1)&nbsp;Erkki Melartin -seuran puheenjohtaja, tutkija <strong>Tuire Ranta-Meyer<\/strong> ja Arabia kaikuu -liedkollektiivin ty\u00f6ryhm\u00e4 esittelev\u00e4t festivaalin teemoja.<\/li>\n\n\n\n<li><strong><a href=\"https:\/\/www.arabiakaikuu.com\/elliainojature\">Elli, Aino ja Ture \u2013 ihminen lavan takana<\/a><\/strong>, Metropolian Kammari-sali 5.6.2025 klo 19<\/li>\n\n\n\n<li><strong><a href=\"https:\/\/www.arabiakaikuu.com\/pohjolanjumalattaret\">Pohjolan jumalattaret \u2013 lauluja myyttisist\u00e4 naishahmoista<\/a><\/strong>, Arabian kirjasto, 6.6.2025 klo 14<\/li>\n\n\n\n<li><a href=\"https:\/\/www.arabiakaikuu.com\/ihmisensyvintarkoitus\"><strong>Ihmisen syvin tarkoitus<\/strong> <\/a>\u2013 teosofisia teemoja\u201d, Annalan huvila 8.6.2025 klo 14<\/li>\n<\/ul>\n\n\n\n<figure class=\"wp-block-gallery has-nested-images columns-default is-cropped wp-block-gallery-10 is-layout-flex wp-block-gallery-is-layout-flex\">\n<figure class=\"wp-block-image size-large\"><a href=\"https:\/\/www.arabiakaikuu.com\/elliainojature\"><img loading=\"lazy\" decoding=\"async\" width=\"360\" height=\"521\" data-id=\"1444\" src=\"https:\/\/erkkimelartin.fi\/em\/wp-content\/uploads\/2025\/05\/Elli-Aino-Ture.jpg\" alt=\"\" class=\"wp-image-1444\" srcset=\"https:\/\/erkkimelartin.fi\/em\/wp-content\/uploads\/2025\/05\/Elli-Aino-Ture.jpg 360w, https:\/\/erkkimelartin.fi\/em\/wp-content\/uploads\/2025\/05\/Elli-Aino-Ture-207x300.jpg 207w\" sizes=\"auto, (max-width: 360px) 100vw, 360px\" \/><\/a><\/figure>\n\n\n\n<figure class=\"wp-block-image size-large\"><a href=\"https:\/\/www.arabiakaikuu.com\/pohjolanjumalattaret\"><img loading=\"lazy\" decoding=\"async\" width=\"360\" height=\"521\" data-id=\"1446\" src=\"https:\/\/erkkimelartin.fi\/em\/wp-content\/uploads\/2025\/05\/Pohjoilan-jumalattaret.jpg\" alt=\"\" class=\"wp-image-1446\" srcset=\"https:\/\/erkkimelartin.fi\/em\/wp-content\/uploads\/2025\/05\/Pohjoilan-jumalattaret.jpg 360w, https:\/\/erkkimelartin.fi\/em\/wp-content\/uploads\/2025\/05\/Pohjoilan-jumalattaret-207x300.jpg 207w\" sizes=\"auto, (max-width: 360px) 100vw, 360px\" \/><\/a><\/figure>\n\n\n\n<figure class=\"wp-block-image size-large\"><a href=\"https:\/\/www.arabiakaikuu.com\/ihmisensyvintarkoitus\"><img loading=\"lazy\" decoding=\"async\" width=\"360\" height=\"521\" data-id=\"1445\" src=\"https:\/\/erkkimelartin.fi\/em\/wp-content\/uploads\/2025\/05\/Ihmisen-syvin-tarkoitus.jpg\" alt=\"\" class=\"wp-image-1445\" srcset=\"https:\/\/erkkimelartin.fi\/em\/wp-content\/uploads\/2025\/05\/Ihmisen-syvin-tarkoitus.jpg 360w, https:\/\/erkkimelartin.fi\/em\/wp-content\/uploads\/2025\/05\/Ihmisen-syvin-tarkoitus-207x300.jpg 207w\" sizes=\"auto, (max-width: 360px) 100vw, 360px\" \/><\/a><\/figure>\n<\/figure>\n\n\n\n<p><strong>Melartinin musiikkia New Delhiss\u00e4!<\/strong> Suomen ja Ruotsin l\u00e4hetyst\u00f6t j\u00e4rjestiv\u00e4t 4.7.2025 kamarimusiikkikonsertin New Delhiss\u00e4, kun sek\u00e4 Erkki Melartinin ett\u00e4 Wilhelm Stenhammarin syntym\u00e4st\u00e4 on kulunut 150 vuotta. Ruotsin l\u00e4hetyst\u00f6ss\u00e4 pidett\u00e4v\u00e4ss\u00e4 konsertissa kuultiin &#8211; ensimm\u00e4ist\u00e4 kertaa Intiassa &#8211; Melartinin nelj\u00e4 laulu Rabindranath Tagoren teksteihin, op. 105.<\/p>\n\n\n\n<figure class=\"wp-block-image size-large is-resized\"><img loading=\"lazy\" decoding=\"async\" width=\"1024\" height=\"1024\" src=\"https:\/\/erkkimelartin.fi\/em\/wp-content\/uploads\/2025\/06\/Concert-invite-1024x1024.png\" alt=\"\" class=\"wp-image-1476\" style=\"width:425px;height:auto\" srcset=\"https:\/\/erkkimelartin.fi\/em\/wp-content\/uploads\/2025\/06\/Concert-invite-1024x1024.png 1024w, https:\/\/erkkimelartin.fi\/em\/wp-content\/uploads\/2025\/06\/Concert-invite-300x300.png 300w, https:\/\/erkkimelartin.fi\/em\/wp-content\/uploads\/2025\/06\/Concert-invite-150x150.png 150w, https:\/\/erkkimelartin.fi\/em\/wp-content\/uploads\/2025\/06\/Concert-invite-768x768.png 768w, https:\/\/erkkimelartin.fi\/em\/wp-content\/uploads\/2025\/06\/Concert-invite.png 1080w\" sizes=\"auto, (max-width: 1024px) 100vw, 1024px\" \/><\/figure>\n\n\n\n<p class=\"has-medium-font-size\"><strong>29.7.2025<\/strong> Urkutaiteilija <strong>Ville Urponen<\/strong> soitti Erkki Melartinin teoksen <em>Festliches Preludium<\/em>, EM046 vuodelta 1934 Tampereen tuomiokirkossa 17.7.2025  ja Turun tuomiokirkossa Turun Urkujuhlien konsertissa tiistaina 29.7.2025. Konserteista on julkaistu my\u00f6s Tuire Ranta-Meyerin uutisartikkeli etusivulla.<\/p>\n\n\n\n<figure class=\"wp-block-gallery has-nested-images columns-default is-cropped wp-block-gallery-11 is-layout-flex wp-block-gallery-is-layout-flex\">\n<figure class=\"wp-block-image size-large\"><img loading=\"lazy\" decoding=\"async\" width=\"700\" height=\"1000\" data-id=\"1240\" src=\"https:\/\/erkkimelartin.fi\/em\/wp-content\/uploads\/2025\/02\/Urponen.jpg\" alt=\"\" class=\"wp-image-1240\" srcset=\"https:\/\/erkkimelartin.fi\/em\/wp-content\/uploads\/2025\/02\/Urponen.jpg 700w, https:\/\/erkkimelartin.fi\/em\/wp-content\/uploads\/2025\/02\/Urponen-210x300.jpg 210w\" sizes=\"auto, (max-width: 700px) 100vw, 700px\" \/><figcaption class=\"wp-element-caption\">Urkutaiteilija Ville Urponen<\/figcaption><\/figure>\n\n\n\n<figure class=\"wp-block-image size-large\"><img loading=\"lazy\" decoding=\"async\" width=\"814\" height=\"1024\" data-id=\"1243\" src=\"https:\/\/erkkimelartin.fi\/em\/wp-content\/uploads\/2025\/02\/EM046_Mel17_265-814x1024.jpg\" alt=\"\" class=\"wp-image-1243\" srcset=\"https:\/\/erkkimelartin.fi\/em\/wp-content\/uploads\/2025\/02\/EM046_Mel17_265-814x1024.jpg 814w, https:\/\/erkkimelartin.fi\/em\/wp-content\/uploads\/2025\/02\/EM046_Mel17_265-238x300.jpg 238w, https:\/\/erkkimelartin.fi\/em\/wp-content\/uploads\/2025\/02\/EM046_Mel17_265-768x966.jpg 768w, https:\/\/erkkimelartin.fi\/em\/wp-content\/uploads\/2025\/02\/EM046_Mel17_265-1221x1536.jpg 1221w, https:\/\/erkkimelartin.fi\/em\/wp-content\/uploads\/2025\/02\/EM046_Mel17_265.jpg 1500w\" sizes=\"auto, (max-width: 814px) 100vw, 814px\" \/><\/figure>\n\n\n\n<figure class=\"wp-block-image size-large\"><img loading=\"lazy\" decoding=\"async\" width=\"1024\" height=\"950\" data-id=\"1239\" src=\"https:\/\/erkkimelartin.fi\/em\/wp-content\/uploads\/2025\/02\/Urponen-urut-1024x950.jpg\" alt=\"\" class=\"wp-image-1239\" srcset=\"https:\/\/erkkimelartin.fi\/em\/wp-content\/uploads\/2025\/02\/Urponen-urut-1024x950.jpg 1024w, https:\/\/erkkimelartin.fi\/em\/wp-content\/uploads\/2025\/02\/Urponen-urut-300x278.jpg 300w, https:\/\/erkkimelartin.fi\/em\/wp-content\/uploads\/2025\/02\/Urponen-urut-768x712.jpg 768w, https:\/\/erkkimelartin.fi\/em\/wp-content\/uploads\/2025\/02\/Urponen-urut.jpg 1078w\" sizes=\"auto, (max-width: 1024px) 100vw, 1024px\" \/><figcaption class=\"wp-element-caption\">Tampereen tuomiokirkon urut<\/figcaption><\/figure>\n<\/figure>\n\n\n\n<ul class=\"wp-block-list\">\n<li><strong>Pasilan kirjastossa nelj\u00e4 Melartin-tapahtumaa <\/strong>syys-lokakuussa aikana toisen kerroksen auditoriossa Tarkemmat tiedot l\u00f6ytyv\u00e4t <strong><a href=\"https:\/\/erkkimelartin.fi\/em\/?p=1577\">t\u00e4\u00e4lt\u00e4<\/a><\/strong>. <strong>22.9.2025 Niin nuori, niin palava -kirjan esittely <\/strong>(Tuire Ranta-Meyer) ja musiikkiesitys L\u00e4nsi-Helsingin musiikkiopisto. <strong>2.10.9.2025 Kaksi Melartin-aiheista lasten musiikkituokiota &#8211; <\/strong>musiikkipedagogi Kirsi Leutonen). <strong>6.10.2025 L\u00e4nsi-Helsingin musiikkiopiston Melartin-konsertti<\/strong> ja <strong>20.10.2025 Arabia kaikuu -liedkollektiivin juonnettu Melartin-konsertti.<\/strong><\/li>\n\n\n\n<li><strong>Ilta-Sanomat<\/strong> 21.9.2025 <strong>Suvi Kerttulan<\/strong> <a href=\"https:\/\/www.is.fi\/viihde\/art-2000011469792.html\">laaja esittely<\/a> Tuire Ranta-Meyerin kirjasta <em>Niin nuori, niin palava<\/em>.<\/li>\n\n\n\n<li><strong>6.10.2025 Seppo Tuomisen<\/strong> yleis\u00f6luento Melartinin tuntemattomista s\u00e4vellyksist\u00e4 pidettiin J\u00e4rvenp\u00e4\u00e4n kirjastossa.<\/li>\n\n\n\n<li><strong>11.10.2025 Oulun Tulindberg-viikon<\/strong> opettajakonsertti, Oulun konservatorio.<\/li>\n\n\n\n<li><em><strong>Mets\u00e4n polkuja<\/strong><\/em> &#8211; Arabia kaikuu -liedkollektiivin konsertti <strong>maanantaina 20.10.2025 klo 18 Pasilan kirjaston auditoriossa<\/strong>. <a href=\"https:\/\/erkkimelartin.fi\/em\/?p=1629\">Lis\u00e4tietoja tapahtumauutisessa<\/a>.<\/li>\n\n\n\n<li><strong>24.10.2025 Erkki Melartin 150-vuotta &#8211; liedkonsertti&nbsp;Perjantaina klo 18 Crichton-salissa<\/strong>, Linnankadun taidekampus, Linnankatu 60, Turku. Turun Taideakatemian liedluokka esitti konsertillisen Erkki Melartinin laulumusiikkia. Liedluokan opettaja on <strong>Eveliina Kyt\u00f6m\u00e4ki<\/strong>. Konserttiin oli vapaa p\u00e4\u00e4sy.<\/li>\n\n\n\n<li><strong>26.11.2025<\/strong> <strong>Henrik J\u00e4rven mestarikurssin p\u00e4\u00e4t\u00f6skonsertti Melartin &amp; Palmgren 24 preludia<\/strong>. Keskiviikkona klo 18 Sigyn-Sali, Linnankadun taidekampus, Linnankatu 60, Turku<\/li>\n\n\n\n<li><strong>29.11.2025 YLE:n Melartin-teemailta<\/strong> Kuunneltavissa <a href=\"https:\/\/areena.yle.fi\/1-76112968\">Ylen Areenan<\/a> kautta 29.12.2025 asti.<\/li>\n\n\n\n<li><strong>7.12.2025 \u201dKohti suomalaisen musiikin p\u00e4iv\u00e4\u00e4 \u2013 I v\u00e4ntan p\u00e5 Finl\u00e4ndska musikens dag\u201d<\/strong> Turun taideakatemian ja konservatorion pianistit esittiv\u00e4t Erkki Melartinin Preludit op. 85 ja Selim Palmgrenin Preludit op. 17 <strong>Sunnuntaina klo 14 ja 15 Sibelius-museo<\/strong>, Piispankatu 17, Turku<\/li>\n<\/ul>\n","protected":false},"excerpt":{"rendered":"<p>T\u00e4nne ker\u00e4t\u00e4\u00e4n tiedot tapahtumista, jotka ovat jo olleet, mutta joiden yksikohdista voidaan olla pysyv\u00e4sti kiinnostuneita. Tapahtuma-arkisto p\u00e4ivittyy jatkuvasti. Mediassa kirjoitetaan[&#8230;]<\/p>\n","protected":false},"author":1,"featured_media":0,"parent":0,"menu_order":0,"comment_status":"closed","ping_status":"closed","template":"","meta":{"footnotes":""},"class_list":["post-1456","page","type-page","status-publish","hentry"],"_links":{"self":[{"href":"https:\/\/erkkimelartin.fi\/em\/index.php?rest_route=\/wp\/v2\/pages\/1456","targetHints":{"allow":["GET"]}}],"collection":[{"href":"https:\/\/erkkimelartin.fi\/em\/index.php?rest_route=\/wp\/v2\/pages"}],"about":[{"href":"https:\/\/erkkimelartin.fi\/em\/index.php?rest_route=\/wp\/v2\/types\/page"}],"author":[{"embeddable":true,"href":"https:\/\/erkkimelartin.fi\/em\/index.php?rest_route=\/wp\/v2\/users\/1"}],"replies":[{"embeddable":true,"href":"https:\/\/erkkimelartin.fi\/em\/index.php?rest_route=%2Fwp%2Fv2%2Fcomments&post=1456"}],"version-history":[{"count":13,"href":"https:\/\/erkkimelartin.fi\/em\/index.php?rest_route=\/wp\/v2\/pages\/1456\/revisions"}],"predecessor-version":[{"id":1705,"href":"https:\/\/erkkimelartin.fi\/em\/index.php?rest_route=\/wp\/v2\/pages\/1456\/revisions\/1705"}],"wp:attachment":[{"href":"https:\/\/erkkimelartin.fi\/em\/index.php?rest_route=%2Fwp%2Fv2%2Fmedia&parent=1456"}],"curies":[{"name":"wp","href":"https:\/\/api.w.org\/{rel}","templated":true}]}}