{"id":17,"date":"2017-02-10T17:12:03","date_gmt":"2017-02-10T17:12:03","guid":{"rendered":"https:\/\/erkkimelartin.fi\/em\/?page_id=17"},"modified":"2018-11-16T14:28:11","modified_gmt":"2018-11-16T14:28:11","slug":"ii-kuvia","status":"publish","type":"page","link":"https:\/\/erkkimelartin.fi\/em\/?page_id=17","title":{"rendered":"Kuvia &#8211; Images"},"content":{"rendered":"<p><a href=\"https:\/\/erkkimelartin.fi\/em\/wp-content\/uploads\/2017\/02\/1937-Erkki-Melartin.jpg\"><img loading=\"lazy\" decoding=\"async\" class=\"alignnone size-medium wp-image-110\" src=\"https:\/\/erkkimelartin.fi\/em\/wp-content\/uploads\/2017\/02\/1937-Erkki-Melartin-214x300.jpg\" alt=\"\" width=\"214\" height=\"300\" srcset=\"https:\/\/erkkimelartin.fi\/em\/wp-content\/uploads\/2017\/02\/1937-Erkki-Melartin-214x300.jpg 214w, https:\/\/erkkimelartin.fi\/em\/wp-content\/uploads\/2017\/02\/1937-Erkki-Melartin.jpg 653w\" sizes=\"auto, (max-width: 214px) 100vw, 214px\" \/><\/a><\/p>\n<p><big>Erkki Melartin\u00a0 tunnetussa kuvassa vuodelta 1936. Kuvaajaa ei varmuudella tiedet\u00e4, mahdollisesti se on ollut Hans H\u00f6fer. Useimpien Melartin-kuvien ottajaa ei tiedet\u00e4. Erkki Melartin -seura sitoutuu poistamaan sivuiltaan kuvan, joka osoitetaan luvanvaraiseksi.<br \/>\n<\/big><\/p>\n<p>Valokuvia<\/p>\n<ul>\n<li><a href=\"https:\/\/erkkimelartin.fi\/em\/wp-content\/uploads\/2017\/02\/1880-luku-Melartin-sisaruksineen.jpg\">1880-luku Melartin sisaruksineen<\/a><\/li>\n<li><a href=\"https:\/\/erkkimelartin.fi\/em\/wp-content\/uploads\/2017\/02\/1890-luku-Jalmari-Finne-ja-Erkki-Melartin.jpg\">1890-luku Jalmari Finne ja Erkki Melartin<\/a><\/li>\n<li><a href=\"https:\/\/erkkimelartin.fi\/em\/wp-content\/uploads\/2017\/02\/1890-luku-Melartin-musiikkiopiston-opiskelijana-SibAA.jpg\">1890-luku Melartin musiikkiopiston opiskelijana<\/a><\/li>\n<li><a href=\"https:\/\/erkkimelartin.fi\/em\/wp-content\/uploads\/2017\/02\/1893-Melartin-musiikkiopistolaisten-yhteiskuvassa.jpg\">1893 Melartin musiikkiopistolaisten yhteiskuvassa<\/a><\/li>\n<li><a href=\"https:\/\/erkkimelartin.fi\/em\/wp-content\/uploads\/2017\/02\/1900-Wien-Mathaus.jpg\">1900 Melartin Wieniss\u00e4\u00a0 Mathausin kuvaamossa<\/a><\/li>\n<li><a href=\"https:\/\/erkkimelartin.fi\/em\/wp-content\/uploads\/2017\/02\/1900-luvun-alku-Melartin-huopahatussa.jpg\">1900-luvun alku Melartin huopahatussa<\/a><\/li>\n<li><a href=\"https:\/\/erkkimelartin.fi\/em\/wp-content\/uploads\/2017\/02\/1909-noin-Melartin-Viipurissa.jpg\">1909 Melartin Viipurissa<\/a><\/li>\n<li><a href=\"https:\/\/erkkimelartin.fi\/em\/wp-content\/uploads\/2017\/02\/1900-luvun-alku-Melartin-kuuntelee-kun-Ziloti-soittaa.jpg\">1900-luvun alku Melartin mukana kuuntelemassa Aleksandr Zilotin soittoa<\/a><\/li>\n<li><a href=\"https:\/\/erkkimelartin.fi\/em\/wp-content\/uploads\/2017\/02\/1911-Melartin.jpg\">1911 Melartinin lahja &#8220;Till kamraten Sissi&#8221; 26.1.1911 Viipurissa <\/a>&#8211; Omistuksen kohde oli vuonna 1878 syntynyt <a href=\"https:\/\/fi.wikipedia.org\/wiki\/Sigrid_Sundgren-Schn%C3%A9evoigt\">Sigrid Schn\u00e9evoigt<\/a>, jonka lahjakkuutta Melartin oli ihaillut jo Helsingin musiikkiopiston vuosina.<\/li>\n<li><a href=\"https:\/\/erkkimelartin.fi\/em\/wp-content\/uploads\/2017\/02\/1920-Melartin.jpg\">1920 Erkki Melartin<\/a><\/li>\n<li><a href=\"https:\/\/erkkimelartin.fi\/em\/wp-content\/uploads\/2017\/02\/1925-Erkki-Melartin-50-vuotiaana.jpg\">1925 Erkki Melartin 50-vuotiaana ty\u00f6huoneessaan Helsingin musiikkiopistolla<\/a><\/li>\n<li><a href=\"https:\/\/erkkimelartin.fi\/em\/wp-content\/uploads\/2017\/02\/1936-Melartin-kirjastonurkkauksessaan.jpg\">1936 Melartin kirjastonurkkauksessaan<\/a><\/li>\n<\/ul>\n<p>Muita kuvia, piirroksia<\/p>\n<ul>\n<li><a href=\"https:\/\/erkkimelartin.fi\/em\/wp-content\/uploads\/2017\/02\/1903-Sopimus-op18.jpg\">1903 Kustannussopimus opuksesta 18<\/a><\/li>\n<li><a href=\"https:\/\/erkkimelartin.fi\/em\/wp-content\/uploads\/2017\/02\/1923-Pilapiirros-PELS.jpg\">1923 Karikatyyri Erkki Melartinista<\/a><\/li>\n<li><a href=\"https:\/\/erkkimelartin.fi\/em\/wp-content\/uploads\/2017\/02\/1930-Ture_Aran_kirje_Erkki_Melartinille_pieni.jpg\">1930 Turen Aran Erkki Melartinille l\u00e4hett\u00e4m\u00e4n kirjeen kuori<\/a><\/li>\n<li>1934 Kaksi korttia Melartinin risteilylt\u00e4 1934 &#8211; <a href=\"https:\/\/erkkimelartin.fi\/em\/wp-content\/uploads\/2017\/02\/1934-Melartin-ylitt\u00e4\u00e4-p\u00e4iv\u00e4ntasaajan.jpg\">P\u00e4iv\u00e4ntasaajan ylitys<\/a> ja <a href=\"https:\/\/erkkimelartin.fi\/em\/wp-content\/uploads\/2017\/02\/1934-Gripsholms-vinterkryssning.jpg\">MS Gripsholmin reittikartta<\/a> (alkuper\u00e4iset Kansalliskirjaston arkistossa)<\/li>\n<\/ul>\n<p>Melartinin ex libriksi\u00e4<\/p>\n<ul>\n<li><a href=\"https:\/\/erkkimelartin.fi\/em\/wp-content\/uploads\/2017\/02\/Melartin_Ex-libris_nuorukainen.jpg\">Nuorukainen l\u00e4hteell\u00e4 &#8211; ruskea<\/a><\/li>\n<li><a href=\"https:\/\/erkkimelartin.fi\/em\/wp-content\/uploads\/2017\/02\/Melartin-04-1.jpg\">Nuorukainen l\u00e4hteell\u00e4 &#8211; punainen<\/a><\/li>\n<li><a href=\"https:\/\/erkkimelartin.fi\/em\/wp-content\/uploads\/2017\/02\/Melartin-Ex-libris-Kannunainen.jpg\">Nainen ja vesiastia<\/a><\/li>\n<li><a href=\"https:\/\/erkkimelartin.fi\/em\/wp-content\/uploads\/2017\/02\/Ex-Libris-harppu.jpg\">Harppu<\/a><\/li>\n<\/ul>\n<p>Konserttiohjelmia<\/p>\n<ul>\n<li><a href=\"https:\/\/erkkimelartin.fi\/em\/wp-content\/uploads\/2017\/02\/1895-Elli-Forssell-Melartin.jpg\">1895 Konsertti Elli Forssellin kanssa<\/a><\/li>\n<li><a href=\"https:\/\/erkkimelartin.fi\/em\/wp-content\/uploads\/2017\/02\/op39-ohjelmalehtinen.jpg\">1906 Hiiden miekka, op. 39<\/a><\/li>\n<li><a href=\"https:\/\/erkkimelartin.fi\/em\/wp-content\/uploads\/2017\/02\/EM177-Orlanda-kuningatar-1906.jpg\">1906 Orlanda kuningatar, EM177<\/a><\/li>\n<li><a href=\"https:\/\/erkkimelartin.fi\/em\/wp-content\/uploads\/2017\/02\/1907-Sinfonia-3-Lyyrillinen-sarja-Hiiden-miekka.jpg\">1907 Sinfonia nro 3<\/a><\/li>\n<li><a href=\"https:\/\/erkkimelartin.fi\/em\/wp-content\/uploads\/2017\/02\/1923-Melartin_konsertti_Berliiniss\u00e4_09111923.jpg\">1923 Melartin-konsertti Berliiniss\u00e4<\/a><\/li>\n<li><a href=\"https:\/\/erkkimelartin.fi\/em\/wp-content\/uploads\/2017\/02\/op184.jpg\">1936 Edith von Bonsdorffin Dansf\u00f6rest\u00e4llning 3.3.1936, ohjelmassa my\u00f6s Erkki Melartinin <em>Individen och massa<\/em>, op. 184<\/a><\/li>\n<\/ul>\n<p>Nuotteja ja nuotinkansia<\/p>\n<ul>\n<li><a href=\"https:\/\/erkkimelartin.fi\/em\/wp-content\/uploads\/2017\/02\/Melartin-07.jpg\">Tv\u00e5 s\u00e5nger &#8211; Kaksi laulua, op. 3<\/a><\/li>\n<li><a href=\"https:\/\/erkkimelartin.fi\/em\/wp-content\/uploads\/2017\/02\/Melartin-09.jpg\">Legend I, op. 6<\/a><\/li>\n<li><a href=\"https:\/\/erkkimelartin.fi\/em\/wp-content\/uploads\/2017\/02\/Melartin-06.jpg\">Vintermorgon, op. 14, nro 3<\/a><\/li>\n<li><a href=\"https:\/\/erkkimelartin.fi\/em\/wp-content\/uploads\/2017\/02\/Melartin-10.jpg\">Kolme laulua, op. 17<\/a><\/li>\n<li><a href=\"https:\/\/erkkimelartin.fi\/em\/wp-content\/uploads\/2017\/02\/Melartin-05.jpg\">Indisches Lied, op. 19, nro 1<\/a><\/li>\n<li><a href=\"https:\/\/erkkimelartin.fi\/em\/wp-content\/uploads\/2017\/02\/Melartin-11.jpg\">Rannalle nukkunut, op. 19, nro 3<\/a><\/li>\n<li><a href=\"https:\/\/erkkimelartin.fi\/em\/wp-content\/uploads\/2017\/02\/Melartin-15.jpg\">Kev\u00e4tlaineet, op. 20, nro 1<\/a><\/li>\n<li><a href=\"https:\/\/erkkimelartin.fi\/em\/wp-content\/uploads\/2017\/02\/Melartin-12.jpg\">Maggiolata op. 24, nro 4<\/a><\/li>\n<li><a href=\"https:\/\/erkkimelartin.fi\/em\/wp-content\/uploads\/2017\/02\/Melartin-18.jpg\">Rosa rorans bonitatem, op. 32, nro 1<\/a><\/li>\n<li><a href=\"https:\/\/erkkimelartin.fi\/em\/wp-content\/uploads\/2017\/02\/Melartin-17.jpg\">Lumpeenkukka op. 37, nro 1<\/a><\/li>\n<li><a href=\"https:\/\/erkkimelartin.fi\/em\/wp-content\/uploads\/2017\/02\/Melartin-13.jpg\">Den svarta fj\u00e4riln, op. 38, nro 2<\/a><\/li>\n<li><a href=\"https:\/\/erkkimelartin.fi\/em\/wp-content\/uploads\/2017\/02\/Melartin-14.jpg\">An Hesperos, op. 58, nro 3<\/a><\/li>\n<li><a href=\"https:\/\/erkkimelartin.fi\/em\/wp-content\/uploads\/2017\/02\/Melartin-16-1.jpg\">R\u00f6ster ur skymningen, op. 110<\/a><\/li>\n<li><a href=\"https:\/\/erkkimelartin.fi\/em\/wp-content\/uploads\/2017\/02\/EM047-lahjaversion-etusivu.jpg\">Festmarsch, EM047 &#8211; k\u00e4sikirjoituksen juhlava kansi<\/a>. &#8211; Melartin lahjoitti s\u00e4vellyksen opettajalleen Martin Wegeliukselle t\u00e4m\u00e4n hopeah\u00e4\u00e4p\u00e4iv\u00e4n\u00e4 29.12.1898.<\/li>\n<\/ul>\n","protected":false},"excerpt":{"rendered":"<p>Erkki Melartin\u00a0 tunnetussa kuvassa vuodelta 1936. Kuvaajaa ei varmuudella tiedet\u00e4, mahdollisesti se on ollut Hans H\u00f6fer. Useimpien Melartin-kuvien ottajaa ei[&#8230;]<\/p>\n","protected":false},"author":1,"featured_media":0,"parent":13,"menu_order":0,"comment_status":"closed","ping_status":"closed","template":"","meta":{"footnotes":""},"class_list":["post-17","page","type-page","status-publish","hentry"],"_links":{"self":[{"href":"https:\/\/erkkimelartin.fi\/em\/index.php?rest_route=\/wp\/v2\/pages\/17","targetHints":{"allow":["GET"]}}],"collection":[{"href":"https:\/\/erkkimelartin.fi\/em\/index.php?rest_route=\/wp\/v2\/pages"}],"about":[{"href":"https:\/\/erkkimelartin.fi\/em\/index.php?rest_route=\/wp\/v2\/types\/page"}],"author":[{"embeddable":true,"href":"https:\/\/erkkimelartin.fi\/em\/index.php?rest_route=\/wp\/v2\/users\/1"}],"replies":[{"embeddable":true,"href":"https:\/\/erkkimelartin.fi\/em\/index.php?rest_route=%2Fwp%2Fv2%2Fcomments&post=17"}],"version-history":[{"count":13,"href":"https:\/\/erkkimelartin.fi\/em\/index.php?rest_route=\/wp\/v2\/pages\/17\/revisions"}],"predecessor-version":[{"id":514,"href":"https:\/\/erkkimelartin.fi\/em\/index.php?rest_route=\/wp\/v2\/pages\/17\/revisions\/514"}],"up":[{"embeddable":true,"href":"https:\/\/erkkimelartin.fi\/em\/index.php?rest_route=\/wp\/v2\/pages\/13"}],"wp:attachment":[{"href":"https:\/\/erkkimelartin.fi\/em\/index.php?rest_route=%2Fwp%2Fv2%2Fmedia&parent=17"}],"curies":[{"name":"wp","href":"https:\/\/api.w.org\/{rel}","templated":true}]}}