{"id":55,"date":"2017-02-10T20:25:52","date_gmt":"2017-02-10T20:25:52","guid":{"rendered":"https:\/\/erkkimelartin.fi\/em\/?page_id=55"},"modified":"2025-10-14T14:54:13","modified_gmt":"2025-10-14T14:54:13","slug":"julkaisut","status":"publish","type":"page","link":"https:\/\/erkkimelartin.fi\/em\/?page_id=55","title":{"rendered":"Julkaisut &#8211; Publications"},"content":{"rendered":"\n<p><big>Erkki Melartin -seuran kautta voi tilata seuraavia Melartin-aiheisia julkaisuja<\/big><\/p>\n\n\n\n<p>Tuire Ranta-Meyer: <em>Niin nuori, niin palava &#8211; Erkki Melartinin el\u00e4m\u00e4, ty\u00f6 ja musiikki<\/em> (2025) &#8211; 35 euroa (kirja) (j\u00e4senille hinta on 30 euroa) <strong><a href=\"https:\/\/taideyliopisto.kauppakv.fi\/sivu\/tuote\/niin-nuori-niin-palava\/5445229\">LOPPUNUT SEURALTA, OSTA SIBELIUS-AKATEMIASTA!<\/a><\/strong><\/p>\n\n\n\n<p>Erkki Melartin: <em>Omilla silmill\u00e4ni eli Laiska Mies matkustaa P\u00e4iv\u00e4ntasaajalle<\/em> (2025) &#8211; 20 euroa (kirja)<\/p>\n\n\n\n<p>Heikki Poroila: <em>Noli me tangere : Erkki Melartinin teosluettelo<\/em> (2025) &#8211; 50 euroa (kirja) <strong>HYVIN RAJOITETTU SAATAVUUS!<\/strong><\/p>\n\n\n\n<figure class=\"wp-block-gallery has-nested-images columns-default is-cropped wp-block-gallery-1 is-layout-flex wp-block-gallery-is-layout-flex\">\n<figure class=\"wp-block-image size-large\"><img loading=\"lazy\" decoding=\"async\" width=\"734\" height=\"1024\" data-id=\"1514\" src=\"https:\/\/erkkimelartin.fi\/em\/wp-content\/uploads\/2025\/08\/Niin-nuori-734x1024.jpg\" alt=\"\" class=\"wp-image-1514\" srcset=\"https:\/\/erkkimelartin.fi\/em\/wp-content\/uploads\/2025\/08\/Niin-nuori-734x1024.jpg 734w, https:\/\/erkkimelartin.fi\/em\/wp-content\/uploads\/2025\/08\/Niin-nuori-215x300.jpg 215w, https:\/\/erkkimelartin.fi\/em\/wp-content\/uploads\/2025\/08\/Niin-nuori.jpg 750w\" sizes=\"auto, (max-width: 734px) 100vw, 734px\" \/><\/figure>\n\n\n\n<figure class=\"wp-block-image size-large\"><img loading=\"lazy\" decoding=\"async\" width=\"734\" height=\"1024\" data-id=\"1519\" src=\"https:\/\/erkkimelartin.fi\/em\/wp-content\/uploads\/2025\/08\/Omilla-silmillani-KANSI-734x1024.jpg\" alt=\"\" class=\"wp-image-1519\" srcset=\"https:\/\/erkkimelartin.fi\/em\/wp-content\/uploads\/2025\/08\/Omilla-silmillani-KANSI-734x1024.jpg 734w, https:\/\/erkkimelartin.fi\/em\/wp-content\/uploads\/2025\/08\/Omilla-silmillani-KANSI-215x300.jpg 215w, https:\/\/erkkimelartin.fi\/em\/wp-content\/uploads\/2025\/08\/Omilla-silmillani-KANSI-768x1071.jpg 768w, https:\/\/erkkimelartin.fi\/em\/wp-content\/uploads\/2025\/08\/Omilla-silmillani-KANSI-1101x1536.jpg 1101w, https:\/\/erkkimelartin.fi\/em\/wp-content\/uploads\/2025\/08\/Omilla-silmillani-KANSI-1469x2048.jpg 1469w, https:\/\/erkkimelartin.fi\/em\/wp-content\/uploads\/2025\/08\/Omilla-silmillani-KANSI-scaled.jpg 1836w\" sizes=\"auto, (max-width: 734px) 100vw, 734px\" \/><\/figure>\n\n\n\n<figure class=\"wp-block-image size-large\"><img loading=\"lazy\" decoding=\"async\" width=\"648\" height=\"1024\" data-id=\"1532\" src=\"https:\/\/erkkimelartin.fi\/em\/wp-content\/uploads\/2025\/08\/Noli-me-tangere-KANSI-648x1024.jpg\" alt=\"\" class=\"wp-image-1532\" srcset=\"https:\/\/erkkimelartin.fi\/em\/wp-content\/uploads\/2025\/08\/Noli-me-tangere-KANSI-648x1024.jpg 648w, https:\/\/erkkimelartin.fi\/em\/wp-content\/uploads\/2025\/08\/Noli-me-tangere-KANSI-190x300.jpg 190w, https:\/\/erkkimelartin.fi\/em\/wp-content\/uploads\/2025\/08\/Noli-me-tangere-KANSI-768x1214.jpg 768w, https:\/\/erkkimelartin.fi\/em\/wp-content\/uploads\/2025\/08\/Noli-me-tangere-KANSI-972x1536.jpg 972w, https:\/\/erkkimelartin.fi\/em\/wp-content\/uploads\/2025\/08\/Noli-me-tangere-KANSI-1296x2048.jpg 1296w, https:\/\/erkkimelartin.fi\/em\/wp-content\/uploads\/2025\/08\/Noli-me-tangere-KANSI-scaled.jpg 1620w\" sizes=\"auto, (max-width: 648px) 100vw, 648px\" \/><\/figure>\n<\/figure>\n\n\n\n<ul class=\"wp-block-list\">\n<li>Ville Rusanen &amp; Pami Karvonen: <em>Polkuja &#8211; Lauluja suomalaisesta luonnosta<\/em> (sis\u00e4lt\u00e4\u00e4 8 Melartinin laulua + Kilpinen, Madetoja ja Sallinen, 2021) 15 euroa CD<\/li>\n\n\n\n<li>Erkki Melartin: <em>Songs to Swedish Texts<\/em> &#8211; Hedvig Paulig, Ilmo Ranta ja Jan S\u00f6derblom (Toccata 2017) &#8211; 15 euroa (CD)<\/li>\n\n\n\n<li><em>P\u00e4iv\u00e4npaisteessa<\/em> &#8211; Erkki Melartinin pedagogista pianomusiikkia &#8211; 5 euroa (CD)<\/li>\n\n\n\n<li><em>Sinfoniat 1-6<\/em> (Leonid Grin) &#8211; 15 euroa (3CD)<\/li>\n\n\n\n<li><em>Jean Dub\u00e9 plays oeuvres pour piano<\/em> &#8211; 10 euroa (CD)<\/li>\n\n\n\n<li><em>Nuori Psyyke<\/em> (Jaakko Kortekangas) &#8211; 10 euroa (CD)<\/li>\n<\/ul>\n\n\n\n<p><\/p>\n\n\n\n<p> &nbsp;   <\/p>\n\n\n\n<p><big>Tilaukset e-osoitteella <a href=\"mailto:heikki.poroila@gmail.com\">heikki.poroila@gmail.com<\/a>.<br><\/big><\/p>\n\n\n\n<p><big><a href=\"http:\/\/www.fennicagehrman.fi\/\"><b>Fennica Gehrmanin<\/b><\/a> kautta voi ostaa Erkki Melartinin musiikkia nuotteina<br>(mm. kaksi kokoelmaa yksinlauluja ja oopperan Aino partituurin).<br>Painettujen nuottien lis\u00e4ksi voi kysy\u00e4 loppuunmyytyj\u00e4 teoksia kopioina.<br>Fennica Gehrman edustaa useimpia Melartinin kustannettuja nuotteja.<br><\/big><\/p>\n\n\n\n<p><big><a href=\"http:\/\/fuga.fi\/\"><b>Fuga Oy:n<\/b><\/a> kautta voi ostaa kaupallisessa jakelussa olevia Erkki Melartinin musiikkkia sis\u00e4lt\u00e4vi\u00e4 CD-levyj\u00e4.<\/big><\/p>\n\n\n\n<p><\/p>\n\n\n\n<p><\/p>\n","protected":false},"excerpt":{"rendered":"<p>Erkki Melartin -seuran kautta voi tilata seuraavia Melartin-aiheisia julkaisuja Tuire Ranta-Meyer: Niin nuori, niin palava &#8211; Erkki Melartinin el\u00e4m\u00e4, ty\u00f6[&#8230;]<\/p>\n","protected":false},"author":1,"featured_media":0,"parent":15,"menu_order":0,"comment_status":"closed","ping_status":"closed","template":"","meta":{"footnotes":""},"class_list":["post-55","page","type-page","status-publish","hentry"],"_links":{"self":[{"href":"https:\/\/erkkimelartin.fi\/em\/index.php?rest_route=\/wp\/v2\/pages\/55","targetHints":{"allow":["GET"]}}],"collection":[{"href":"https:\/\/erkkimelartin.fi\/em\/index.php?rest_route=\/wp\/v2\/pages"}],"about":[{"href":"https:\/\/erkkimelartin.fi\/em\/index.php?rest_route=\/wp\/v2\/types\/page"}],"author":[{"embeddable":true,"href":"https:\/\/erkkimelartin.fi\/em\/index.php?rest_route=\/wp\/v2\/users\/1"}],"replies":[{"embeddable":true,"href":"https:\/\/erkkimelartin.fi\/em\/index.php?rest_route=%2Fwp%2Fv2%2Fcomments&post=55"}],"version-history":[{"count":19,"href":"https:\/\/erkkimelartin.fi\/em\/index.php?rest_route=\/wp\/v2\/pages\/55\/revisions"}],"predecessor-version":[{"id":1628,"href":"https:\/\/erkkimelartin.fi\/em\/index.php?rest_route=\/wp\/v2\/pages\/55\/revisions\/1628"}],"up":[{"embeddable":true,"href":"https:\/\/erkkimelartin.fi\/em\/index.php?rest_route=\/wp\/v2\/pages\/15"}],"wp:attachment":[{"href":"https:\/\/erkkimelartin.fi\/em\/index.php?rest_route=%2Fwp%2Fv2%2Fmedia&parent=55"}],"curies":[{"name":"wp","href":"https:\/\/api.w.org\/{rel}","templated":true}]}}